{"id":2638,"date":"2021-03-24T23:14:08","date_gmt":"2021-03-24T21:14:08","guid":{"rendered":"http:\/\/petrock.pl\/?page_id=2638"},"modified":"2023-09-12T15:06:54","modified_gmt":"2023-09-12T13:06:54","slug":"doctors","status":"publish","type":"page","link":"http:\/\/petrock.pl\/?page_id=2638","title":{"rendered":"Doctors"},"content":{"rendered":"\n<div class=\"is-layout-flex wp-container-3 wp-block-columns\">\n<div class=\"is-layout-flow wp-block-column\" style=\"flex-basis:33.33%\">\n<figure class=\"wp-block-image size-large is-style-default\"><a href=\"http:\/\/petrock.pl\/wp-content\/uploads\/2021\/03\/SAM_5262-scaled.jpg\"><img decoding=\"async\" loading=\"lazy\" width=\"1024\" height=\"634\" src=\"http:\/\/petrock.pl\/wp-content\/uploads\/2021\/03\/SAM_5262-1024x634.jpg\" alt=\"\" class=\"wp-image-2640\" srcset=\"http:\/\/petrock.pl\/wp-content\/uploads\/2021\/03\/SAM_5262-1024x634.jpg 1024w, http:\/\/petrock.pl\/wp-content\/uploads\/2021\/03\/SAM_5262-300x186.jpg 300w, http:\/\/petrock.pl\/wp-content\/uploads\/2021\/03\/SAM_5262-768x476.jpg 768w, http:\/\/petrock.pl\/wp-content\/uploads\/2021\/03\/SAM_5262-1536x952.jpg 1536w, http:\/\/petrock.pl\/wp-content\/uploads\/2021\/03\/SAM_5262-2048x1269.jpg 2048w\" sizes=\"(max-width: 1024px) 100vw, 1024px\" \/><\/a><figcaption class=\"wp-element-caption\"><em>Zesp\u00f3\u0142 Doctors (od lewej Bo\u017cena, Magda, Kania), fot. dzi\u0119ki uprzejmo\u015bci Artura Kani<\/em><\/figcaption><\/figure>\n\n\n\n<figure class=\"wp-block-image size-large is-style-default\"><a href=\"http:\/\/petrock.pl\/wp-content\/uploads\/2021\/03\/SAM_5266-scaled.jpg\"><img decoding=\"async\" loading=\"lazy\" width=\"1024\" height=\"658\" src=\"http:\/\/petrock.pl\/wp-content\/uploads\/2021\/03\/SAM_5266-1024x658.jpg\" alt=\"\" class=\"wp-image-2639\" srcset=\"http:\/\/petrock.pl\/wp-content\/uploads\/2021\/03\/SAM_5266-1024x658.jpg 1024w, http:\/\/petrock.pl\/wp-content\/uploads\/2021\/03\/SAM_5266-300x193.jpg 300w, http:\/\/petrock.pl\/wp-content\/uploads\/2021\/03\/SAM_5266-768x494.jpg 768w, http:\/\/petrock.pl\/wp-content\/uploads\/2021\/03\/SAM_5266-1536x987.jpg 1536w, http:\/\/petrock.pl\/wp-content\/uploads\/2021\/03\/SAM_5266-2048x1317.jpg 2048w\" sizes=\"(max-width: 1024px) 100vw, 1024px\" \/><\/a><figcaption class=\"wp-element-caption\"><em>Zesp\u00f3\u0142 Doctors (od lewej Bo\u017cena, Magda, Kania, z ty\u0142yu po prawej Duken), fot. dzi\u0119ki uprzejmo\u015bci Artura Kani<\/em><\/figcaption><\/figure>\n\n\n\n<figure class=\"wp-block-image size-large is-style-default\"><a href=\"http:\/\/petrock.pl\/wp-content\/uploads\/2021\/03\/bozena-scaled.jpg\"><img decoding=\"async\" loading=\"lazy\" width=\"671\" height=\"1024\" src=\"http:\/\/petrock.pl\/wp-content\/uploads\/2021\/03\/bozena-671x1024.jpg\" alt=\"\" class=\"wp-image-2650\" srcset=\"http:\/\/petrock.pl\/wp-content\/uploads\/2021\/03\/bozena-671x1024.jpg 671w, http:\/\/petrock.pl\/wp-content\/uploads\/2021\/03\/bozena-197x300.jpg 197w, http:\/\/petrock.pl\/wp-content\/uploads\/2021\/03\/bozena-768x1171.jpg 768w, http:\/\/petrock.pl\/wp-content\/uploads\/2021\/03\/bozena-1007x1536.jpg 1007w, http:\/\/petrock.pl\/wp-content\/uploads\/2021\/03\/bozena-1343x2048.jpg 1343w, http:\/\/petrock.pl\/wp-content\/uploads\/2021\/03\/bozena-scaled.jpg 1679w\" sizes=\"(max-width: 671px) 100vw, 671px\" \/><\/a><figcaption class=\"wp-element-caption\"><em>Bo\u017cena, fot. dzi\u0119ki uprzejmo\u015bci Artura Kani<\/em><\/figcaption><\/figure>\n\n\n\n<figure class=\"wp-block-image size-large is-style-default\"><a href=\"http:\/\/petrock.pl\/wp-content\/uploads\/2021\/03\/SAM_5268-scaled.jpg\"><img decoding=\"async\" loading=\"lazy\" width=\"1024\" height=\"694\" src=\"http:\/\/petrock.pl\/wp-content\/uploads\/2021\/03\/SAM_5268-1024x694.jpg\" alt=\"\" class=\"wp-image-2641\" srcset=\"http:\/\/petrock.pl\/wp-content\/uploads\/2021\/03\/SAM_5268-1024x694.jpg 1024w, http:\/\/petrock.pl\/wp-content\/uploads\/2021\/03\/SAM_5268-300x203.jpg 300w, http:\/\/petrock.pl\/wp-content\/uploads\/2021\/03\/SAM_5268-768x521.jpg 768w, http:\/\/petrock.pl\/wp-content\/uploads\/2021\/03\/SAM_5268-1536x1041.jpg 1536w, http:\/\/petrock.pl\/wp-content\/uploads\/2021\/03\/SAM_5268-2048x1388.jpg 2048w\" sizes=\"(max-width: 1024px) 100vw, 1024px\" \/><\/a><figcaption class=\"wp-element-caption\"><em>Kuba i Kania,  fot. dzi\u0119ki uprzejmo\u015bci Artura Kani<\/em><\/figcaption><\/figure>\n\n\n\n<figure class=\"wp-block-image size-large is-style-default\"><a href=\"http:\/\/petrock.pl\/wp-content\/uploads\/2021\/03\/SAM_5267-scaled.jpg\"><img decoding=\"async\" loading=\"lazy\" width=\"1024\" height=\"670\" src=\"http:\/\/petrock.pl\/wp-content\/uploads\/2021\/03\/SAM_5267-1024x670.jpg\" alt=\"\" class=\"wp-image-2643\" srcset=\"http:\/\/petrock.pl\/wp-content\/uploads\/2021\/03\/SAM_5267-1024x670.jpg 1024w, http:\/\/petrock.pl\/wp-content\/uploads\/2021\/03\/SAM_5267-300x196.jpg 300w, http:\/\/petrock.pl\/wp-content\/uploads\/2021\/03\/SAM_5267-768x502.jpg 768w, http:\/\/petrock.pl\/wp-content\/uploads\/2021\/03\/SAM_5267-1536x1005.jpg 1536w, http:\/\/petrock.pl\/wp-content\/uploads\/2021\/03\/SAM_5267-2048x1340.jpg 2048w\" sizes=\"(max-width: 1024px) 100vw, 1024px\" \/><\/a><figcaption class=\"wp-element-caption\"><em>Magda, fot. dzi\u0119ki uprzejmo\u015bci Artura Kani<\/em><\/figcaption><\/figure>\n\n\n\n<figure class=\"wp-block-image size-large is-style-default\"><a href=\"http:\/\/petrock.pl\/wp-content\/uploads\/2021\/03\/DUKSIK-1-scaled.jpg\"><img decoding=\"async\" loading=\"lazy\" width=\"1024\" height=\"672\" src=\"http:\/\/petrock.pl\/wp-content\/uploads\/2021\/03\/DUKSIK-1-1024x672.jpg\" alt=\"\" class=\"wp-image-2648\" srcset=\"http:\/\/petrock.pl\/wp-content\/uploads\/2021\/03\/DUKSIK-1-1024x672.jpg 1024w, http:\/\/petrock.pl\/wp-content\/uploads\/2021\/03\/DUKSIK-1-300x197.jpg 300w, http:\/\/petrock.pl\/wp-content\/uploads\/2021\/03\/DUKSIK-1-768x504.jpg 768w, http:\/\/petrock.pl\/wp-content\/uploads\/2021\/03\/DUKSIK-1-1536x1008.jpg 1536w, http:\/\/petrock.pl\/wp-content\/uploads\/2021\/03\/DUKSIK-1-2048x1344.jpg 2048w\" sizes=\"(max-width: 1024px) 100vw, 1024px\" \/><\/a><figcaption class=\"wp-element-caption\"><em>Duken, fot. dzi\u0119ki uprzejmo\u015bci Artura Kani<br><\/em><br><\/figcaption><\/figure>\n<\/div>\n\n\n\n<div class=\"is-layout-flow wp-block-column\" style=\"flex-basis:66.66%\">\n<p>Zesp\u00f3\u0142 post-punkowy powsta\u0142y w P\u0142ocku w 1995 roku z inicjatywy Artura Kani (gitara basowa) i Adama \u201eDukena\u201d Przemy\u0142skiego (perkusja). Do zespo\u0142u do\u0142\u0105czy\u0142 graj\u0105cy w\u00f3wczas w Z.S.W.B. (Zakaz Strajku w Belwederze) Tomasz \u201eKuba\u201d Hajnowski. W tym sk\u0142adzie ch\u0142opaki rozpocz\u0119li pr\u00f3by, pocz\u0105tkowo spotykaj\u0105c si\u0119 w piwnicy bloku, w kt\u00f3rym mieszka\u0142 Duken (Jachowicza 35). Podczas koncertu w &#8220;Budowlance&#8221;, Kuba pozna\u0142 Bo\u017cen\u0119  Tomaszewsk\u0105, kt\u00f3ra podczas tego koncertu \u015bpiewa\u0142a piosenki Katarzyny Nosowskiej. Po kr\u00f3tkiej rozmowie, zaproponowa\u0142 jej stanowisko wokalistki w zespole. Chwil\u0119 p\u00f3\u017aniej do bandu do\u0142\u0105czy\u0142a graj\u0105ca na flecie poprzecznym Magdalena Przew\u0142ocka.  W tym sk\u0142adzie zesp\u00f3\u0142 przeni\u00f3s\u0142 si\u0119 do &#8220;salki pr\u00f3b&#8221; mieszcz\u0105cej si\u0119 na Kazimierza Wielkiego w dzia\u0142aj\u0105cej tam w\u00f3wczas szkole zawodowej. Jak wspomina Kania: &#8220;Zim\u0105 by\u0142o tam tak ch\u0142odno, \u017ce grali\u015bmy w r\u0119kawiczkach&#8221;. <\/p>\n\n\n\n<p>Debiut Doctors mia\u0142 miejsce w L.O. Jagiellonka na koncercie  zorganizowanym przez Wojciecha Wojd\u0119 w ho\u0142dzie Kurtowi Cobainowi (wokali\u015bcie zespo\u0142u Nirvana), kt\u00f3ry rok wcze\u015bniej pope\u0142ni\u0142 samob\u00f3jstwo. Podczas tego koncertu p\u0142ockie bandy gra\u0142y tylko utwory Nirvany (ka\u017cda z kapel 3 utwory). <\/p>\n\n\n\n<p>Kolejne wyst\u0119py na \u017cywo mia\u0142y miejsce m.in.  w Opatowie,  oraz podczas Punkowej Orkiestry \u015awi\u0105tecznej Pomocy w Krakowie, obok lokals\u00f3w z The Butles, Strajk i Farben Lehre. Z tego koncertu nak\u0142adem Galicja Records ukaza\u0142a si\u0119 kaseta magnetofonowa, stanowi\u0105ca zapis audio tego wydarzenia. <\/p>\n\n\n\n<p>W 1996 roku zesp\u00f3\u0142 zameldowa\u0142 si\u0119 we w\u0142oc\u0142awskim RH Studio. Podczas tej wizyty zosta\u0142 zarejestrowany materia\u0142 demo sk\u0142adaj\u0105cy si\u0119 z 10 utwor\u00f3w. Utwory te nigdy nie ukaza\u0142y si\u0119 w oficjalnym obiegu. Dzi\u0119ki uprzejmo\u015bci Artura Kani, zamieszczam ca\u0142y nagrany podczas tej sesji materia\u0142 (<a href=\"https:\/\/plockascenarockowa.bandcamp.com\/album\/doctors-demo-1996\" data-type=\"URL\" data-id=\"https:\/\/plockascenarockowa.bandcamp.com\/album\/doctors-demo-1996\" target=\"_blank\" rel=\"noreferrer noopener\">tutaj<\/a>). <\/p>\n\n\n\n<p>Po nagraniu dem\u00f3wki zesp\u00f3\u0142 nadal koncertowa\u0142 i komponowa\u0142. Pojawili si\u0119 m.in. na koncercie z okazji X lecia Farben Lehre w p\u0142ockim Teatrze Dramatycznym. Farbeni zabra\u0142 r\u00f3wnie\u017c Doctors\u00f3w jako support, na sw\u00f3j jubileusz do \u0141odzi. Kolejny wyst\u0119p zesp\u00f3\u0142 odnotowa\u0142 w koszali\u0144skim amfiteatrze. <\/p>\n\n\n\n<p>W mi\u0119dzyczasie Doctorsi zmieni\u0142 salk\u0119 pr\u00f3b i przene\u015bli si\u0119 do SP 3. Powstawa\u0142y kolejne utwory (Artur wspomina, \u017ce w sumie mieli ich ok. 30stu !). <\/p>\n\n\n\n<p>W pewnym momencie z kapeli odesz\u0142a Magda, gdy\u017c granie w bandzie kolidowa\u0142o z jej edukacj\u0105 poza P\u0142ockiem. W jej zast\u0119pstwie do zespo\u0142u do\u0142\u0105czy\u0142a Katarzyna \u0141ukawska, kt\u00f3ra gra\u0142a na skrzypcach. Jak si\u0119 p\u00f3\u017aniej okaza\u0142o, nigdy nie by\u0142o jej dane zaprezentowa\u0107 si\u0119 przed publiczno\u015bci\u0105, gdy\u017c w zespole zacz\u0119\u0142a psu\u0107 si\u0119 atmosfera.  Pojawi\u0142y si\u0119 nieporozumieniami mi\u0119dzy muzykami. W tej sytuacji z grania w bandzie zrezygnowali Kania i Duken. Chwil\u0119 p\u00f3\u017aniej zawi\u0105zali z Filipem &#8220;Filetem&#8221; Grodzickim sk\u0142ad, z kt\u00f3rego  wykreowali si\u0119 Podw\u00f3rkowi Chuligani. W takich okoliczno\u015bciach zesp\u00f3\u0142 Doctors zako\u0144czy\u0142 swoj\u0105 dzia\u0142alno\u015b\u0107.<\/p>\n\n\n\n<hr class=\"wp-block-separator has-css-opacity\"\/>\n\n\n\n<p><strong>Sk\u0142ad zespo\u0142u:<\/strong><\/p>\n\n\n\n<p>Bo\u017cena Tomaszewska &#8211; wokal<\/p>\n\n\n\n<p>Magda Przew\u0142ocka  &#8211; flet poprzeczny<\/p>\n\n\n\n<p>Tomasz &#8220;Kuba&#8221; Hajnowski &#8211; gitara<\/p>\n\n\n\n<p>Artur Kania &#8211; gitara basowa<\/p>\n\n\n\n<p>Adam &#8220;Duken&#8221; Przemy\u0142ski &#8211; perkusja<\/p>\n\n\n\n<hr class=\"wp-block-separator has-css-opacity\"\/>\n\n\n\n<p><strong>Pozostali cz\u0142onkowie:<\/strong><\/p>\n\n\n\n<p>Katarzyna \u0141ukawska &#8211; skrzypce<\/p>\n<\/div>\n<\/div>\n\n\n\n<hr class=\"wp-block-separator has-css-opacity\"\/>\n\n\n\n<p><strong>Multimedia<\/strong>:<\/p>\n\n\n\n<figure class=\"wp-block-embed is-type-video is-provider-youtube wp-block-embed-youtube wp-embed-aspect-16-9 wp-has-aspect-ratio\"><div class=\"wp-block-embed__wrapper\">\n<iframe loading=\"lazy\" title=\"Doctors - koncert Teatr Dramatyczny w P\u0142ocku (1996)\" width=\"500\" height=\"281\" src=\"https:\/\/www.youtube.com\/embed\/bVAGhQMi6Yk?feature=oembed\" frameborder=\"0\" allow=\"accelerometer; autoplay; clipboard-write; encrypted-media; gyroscope; picture-in-picture\" allowfullscreen><\/iframe>\n<\/div><\/figure>\n","protected":false},"excerpt":{"rendered":"<div class=\"mh-excerpt\"><p>Zesp\u00f3\u0142 post-punkowy powsta\u0142y w P\u0142ocku w 1995 roku z inicjatywy Artura Kani (gitara basowa) i Adama \u201eDukena\u201d Przemy\u0142skiego (perkusja). Do zespo\u0142u do\u0142\u0105czy\u0142 graj\u0105cy w\u00f3wczas w <a class=\"mh-excerpt-more\" href=\"http:\/\/petrock.pl\/?page_id=2638\" title=\"Doctors\">[&#8230;]<\/a><\/p>\n<\/div>","protected":false},"author":7,"featured_media":2640,"parent":0,"menu_order":0,"comment_status":"closed","ping_status":"closed","template":"","meta":[],"yoast_head":"<!-- This site is optimized with the Yoast SEO plugin v21.1 - https:\/\/yoast.com\/wordpress\/plugins\/seo\/ -->\n<title>Doctors - P\u0142ocka Scena Rockowa<\/title>\n<meta name=\"robots\" content=\"index, follow, max-snippet:-1, max-image-preview:large, max-video-preview:-1\" \/>\n<link rel=\"canonical\" href=\"https:\/\/petrock.pl\/?page_id=2638\" \/>\n<meta property=\"og:locale\" content=\"pl_PL\" \/>\n<meta property=\"og:type\" content=\"article\" \/>\n<meta property=\"og:title\" content=\"Doctors - P\u0142ocka Scena Rockowa\" \/>\n<meta property=\"og:description\" content=\"Zesp\u00f3\u0142 post-punkowy powsta\u0142y w P\u0142ocku w 1995 roku z inicjatywy Artura Kani (gitara basowa) i Adama \u201eDukena\u201d Przemy\u0142skiego (perkusja). Do zespo\u0142u do\u0142\u0105czy\u0142 graj\u0105cy w\u00f3wczas w [...]\" \/>\n<meta property=\"og:url\" content=\"https:\/\/petrock.pl\/?page_id=2638\" \/>\n<meta property=\"og:site_name\" content=\"P\u0142ocka Scena Rockowa\" \/>\n<meta property=\"article:modified_time\" content=\"2023-09-12T13:06:54+00:00\" \/>\n<meta property=\"og:image\" content=\"https:\/\/petrock.pl\/wp-content\/uploads\/2021\/03\/SAM_5262-scaled.jpg\" \/>\n\t<meta property=\"og:image:width\" content=\"2560\" \/>\n\t<meta property=\"og:image:height\" content=\"1586\" \/>\n\t<meta property=\"og:image:type\" content=\"image\/jpeg\" \/>\n<meta name=\"twitter:card\" content=\"summary_large_image\" \/>\n<meta name=\"twitter:label1\" content=\"Szacowany czas czytania\" \/>\n\t<meta name=\"twitter:data1\" content=\"3 minuty\" \/>\n<script type=\"application\/ld+json\" class=\"yoast-schema-graph\">{\"@context\":\"https:\/\/schema.org\",\"@graph\":[{\"@type\":\"WebPage\",\"@id\":\"https:\/\/petrock.pl\/?page_id=2638\",\"url\":\"https:\/\/petrock.pl\/?page_id=2638\",\"name\":\"Doctors - P\u0142ocka Scena Rockowa\",\"isPartOf\":{\"@id\":\"https:\/\/petrock.pl\/#website\"},\"datePublished\":\"2021-03-24T21:14:08+00:00\",\"dateModified\":\"2023-09-12T13:06:54+00:00\",\"breadcrumb\":{\"@id\":\"https:\/\/petrock.pl\/?page_id=2638#breadcrumb\"},\"inLanguage\":\"pl-PL\",\"potentialAction\":[{\"@type\":\"ReadAction\",\"target\":[\"https:\/\/petrock.pl\/?page_id=2638\"]}]},{\"@type\":\"BreadcrumbList\",\"@id\":\"https:\/\/petrock.pl\/?page_id=2638#breadcrumb\",\"itemListElement\":[{\"@type\":\"ListItem\",\"position\":1,\"name\":\"Strona g\u0142\u00f3wna\",\"item\":\"https:\/\/petrock.pl\/\"},{\"@type\":\"ListItem\",\"position\":2,\"name\":\"Doctors\"}]},{\"@type\":\"WebSite\",\"@id\":\"https:\/\/petrock.pl\/#website\",\"url\":\"https:\/\/petrock.pl\/\",\"name\":\"P\u0142ocka Scena Rockowa\",\"description\":\"Wywiady Biografie Koncerty Recenzje\",\"potentialAction\":[{\"@type\":\"SearchAction\",\"target\":{\"@type\":\"EntryPoint\",\"urlTemplate\":\"https:\/\/petrock.pl\/?s={search_term_string}\"},\"query-input\":\"required name=search_term_string\"}],\"inLanguage\":\"pl-PL\"}]}<\/script>\n<!-- \/ Yoast SEO plugin. -->","yoast_head_json":{"title":"Doctors - P\u0142ocka Scena Rockowa","robots":{"index":"index","follow":"follow","max-snippet":"max-snippet:-1","max-image-preview":"max-image-preview:large","max-video-preview":"max-video-preview:-1"},"canonical":"https:\/\/petrock.pl\/?page_id=2638","og_locale":"pl_PL","og_type":"article","og_title":"Doctors - P\u0142ocka Scena Rockowa","og_description":"Zesp\u00f3\u0142 post-punkowy powsta\u0142y w P\u0142ocku w 1995 roku z inicjatywy Artura Kani (gitara basowa) i Adama \u201eDukena\u201d Przemy\u0142skiego (perkusja). Do zespo\u0142u do\u0142\u0105czy\u0142 graj\u0105cy w\u00f3wczas w [...]","og_url":"https:\/\/petrock.pl\/?page_id=2638","og_site_name":"P\u0142ocka Scena Rockowa","article_modified_time":"2023-09-12T13:06:54+00:00","og_image":[{"width":2560,"height":1586,"url":"https:\/\/petrock.pl\/wp-content\/uploads\/2021\/03\/SAM_5262-scaled.jpg","type":"image\/jpeg"}],"twitter_card":"summary_large_image","twitter_misc":{"Szacowany czas czytania":"3 minuty"},"schema":{"@context":"https:\/\/schema.org","@graph":[{"@type":"WebPage","@id":"https:\/\/petrock.pl\/?page_id=2638","url":"https:\/\/petrock.pl\/?page_id=2638","name":"Doctors - P\u0142ocka Scena Rockowa","isPartOf":{"@id":"https:\/\/petrock.pl\/#website"},"datePublished":"2021-03-24T21:14:08+00:00","dateModified":"2023-09-12T13:06:54+00:00","breadcrumb":{"@id":"https:\/\/petrock.pl\/?page_id=2638#breadcrumb"},"inLanguage":"pl-PL","potentialAction":[{"@type":"ReadAction","target":["https:\/\/petrock.pl\/?page_id=2638"]}]},{"@type":"BreadcrumbList","@id":"https:\/\/petrock.pl\/?page_id=2638#breadcrumb","itemListElement":[{"@type":"ListItem","position":1,"name":"Strona g\u0142\u00f3wna","item":"https:\/\/petrock.pl\/"},{"@type":"ListItem","position":2,"name":"Doctors"}]},{"@type":"WebSite","@id":"https:\/\/petrock.pl\/#website","url":"https:\/\/petrock.pl\/","name":"P\u0142ocka Scena Rockowa","description":"Wywiady Biografie Koncerty Recenzje","potentialAction":[{"@type":"SearchAction","target":{"@type":"EntryPoint","urlTemplate":"https:\/\/petrock.pl\/?s={search_term_string}"},"query-input":"required name=search_term_string"}],"inLanguage":"pl-PL"}]}},"_links":{"self":[{"href":"http:\/\/petrock.pl\/index.php?rest_route=\/wp\/v2\/pages\/2638"}],"collection":[{"href":"http:\/\/petrock.pl\/index.php?rest_route=\/wp\/v2\/pages"}],"about":[{"href":"http:\/\/petrock.pl\/index.php?rest_route=\/wp\/v2\/types\/page"}],"author":[{"embeddable":true,"href":"http:\/\/petrock.pl\/index.php?rest_route=\/wp\/v2\/users\/7"}],"replies":[{"embeddable":true,"href":"http:\/\/petrock.pl\/index.php?rest_route=%2Fwp%2Fv2%2Fcomments&post=2638"}],"version-history":[{"count":93,"href":"http:\/\/petrock.pl\/index.php?rest_route=\/wp\/v2\/pages\/2638\/revisions"}],"predecessor-version":[{"id":3894,"href":"http:\/\/petrock.pl\/index.php?rest_route=\/wp\/v2\/pages\/2638\/revisions\/3894"}],"wp:featuredmedia":[{"embeddable":true,"href":"http:\/\/petrock.pl\/index.php?rest_route=\/wp\/v2\/media\/2640"}],"wp:attachment":[{"href":"http:\/\/petrock.pl\/index.php?rest_route=%2Fwp%2Fv2%2Fmedia&parent=2638"}],"curies":[{"name":"wp","href":"https:\/\/api.w.org\/{rel}","templated":true}]}}