{"id":628,"date":"2020-06-28T09:20:15","date_gmt":"2020-06-28T09:20:15","guid":{"rendered":"http:\/\/petrock.pl\/?page_id=628"},"modified":"2023-09-08T13:13:53","modified_gmt":"2023-09-08T11:13:53","slug":"koncerty-2","status":"publish","type":"page","link":"http:\/\/petrock.pl\/?page_id=628","title":{"rendered":"Koncerty"},"content":{"rendered":"\n<p><strong>Nadchodz\u0105ce koncerty:<\/strong><\/p>\n\n\n\n<div class=\"is-layout-flex wp-container-3 wp-block-columns\">\n<div class=\"is-layout-flow wp-block-column\">\n<figure class=\"wp-block-image size-large\"><a href=\"http:\/\/petrock.pl\/wp-content\/uploads\/2023\/09\/Leshy-16.09.2023.jpg\"><img decoding=\"async\" loading=\"lazy\" width=\"1024\" height=\"576\" src=\"http:\/\/petrock.pl\/wp-content\/uploads\/2023\/09\/Leshy-16.09.2023-1024x576.jpg\" alt=\"\" class=\"wp-image-3849\" srcset=\"http:\/\/petrock.pl\/wp-content\/uploads\/2023\/09\/Leshy-16.09.2023-1024x576.jpg 1024w, http:\/\/petrock.pl\/wp-content\/uploads\/2023\/09\/Leshy-16.09.2023-300x169.jpg 300w, http:\/\/petrock.pl\/wp-content\/uploads\/2023\/09\/Leshy-16.09.2023-768x432.jpg 768w, http:\/\/petrock.pl\/wp-content\/uploads\/2023\/09\/Leshy-16.09.2023-1536x864.jpg 1536w, http:\/\/petrock.pl\/wp-content\/uploads\/2023\/09\/Leshy-16.09.2023-678x381.jpg 678w, http:\/\/petrock.pl\/wp-content\/uploads\/2023\/09\/Leshy-16.09.2023.jpg 1920w\" sizes=\"(max-width: 1024px) 100vw, 1024px\" \/><\/a><\/figure>\n<\/div>\n\n\n\n<div class=\"is-layout-flow wp-block-column\">\n<p>Wyst\u0105pi\u0105: <strong>Leshy<\/strong><\/p>\n\n\n\n<p>Data: 16.09.2023<\/p>\n\n\n\n<p>Miejsce: Rock&#8217;69<\/p>\n\n\n\n<p>Start: 20:00<\/p>\n\n\n\n<p>Bilety: 30 PLN w przedsprzeda\u017cy\/40 PLN w dniu koncertu<\/p>\n\n\n\n<p>wi\u0119cej informacji: <a href=\"https:\/\/www.facebook.com\/events\/6321951874510925\/?ref=newsfeed\" data-type=\"URL\" data-id=\"https:\/\/www.facebook.com\/events\/6321951874510925\/?ref=newsfeed\" target=\"_blank\" rel=\"noreferrer noopener\">facebook<\/a><\/p>\n<\/div>\n<\/div>\n\n\n\n<div class=\"is-layout-flex wp-container-6 wp-block-columns\">\n<div class=\"is-layout-flow wp-block-column\">\n<figure class=\"wp-block-image size-large\"><a href=\"http:\/\/petrock.pl\/wp-content\/uploads\/2023\/09\/Mazolewski-17.09.2023.png\"><img decoding=\"async\" loading=\"lazy\" width=\"1024\" height=\"384\" src=\"http:\/\/petrock.pl\/wp-content\/uploads\/2023\/09\/Mazolewski-17.09.2023-1024x384.png\" alt=\"\" class=\"wp-image-3858\" srcset=\"http:\/\/petrock.pl\/wp-content\/uploads\/2023\/09\/Mazolewski-17.09.2023-1024x384.png 1024w, http:\/\/petrock.pl\/wp-content\/uploads\/2023\/09\/Mazolewski-17.09.2023-300x113.png 300w, http:\/\/petrock.pl\/wp-content\/uploads\/2023\/09\/Mazolewski-17.09.2023-768x288.png 768w, http:\/\/petrock.pl\/wp-content\/uploads\/2023\/09\/Mazolewski-17.09.2023-1536x576.png 1536w, http:\/\/petrock.pl\/wp-content\/uploads\/2023\/09\/Mazolewski-17.09.2023.png 1920w\" sizes=\"(max-width: 1024px) 100vw, 1024px\" \/><\/a><\/figure>\n<\/div>\n\n\n\n<div class=\"is-layout-flow wp-block-column\">\n<p>Wyst\u0105pi\u0105: <strong>Wojtek Mozalewski + Go\u015bcie<\/strong><\/p>\n\n\n\n<p>Data: 17.09.2023<\/p>\n\n\n\n<p>Miejsce: P\u0142ocki O\u015brodek Kultury i Sztuki<\/p>\n\n\n\n<p>Start: 18:00<\/p>\n\n\n\n<p>Bilety: <img decoding=\"async\" loading=\"lazy\" height=\"16\" width=\"16\" src=\"https:\/\/static.xx.fbcdn.net\/images\/emoji.php\/v9\/t51\/1\/16\/1f449.png\" alt=\"\ud83d\udc49\"> I pula: 60 z\u0142 (od 9 sierpnia do 7 wrze\u015bnia)<br><img decoding=\"async\" loading=\"lazy\" height=\"16\" width=\"16\" src=\"https:\/\/static.xx.fbcdn.net\/images\/emoji.php\/v9\/t51\/1\/16\/1f449.png\" alt=\"\ud83d\udc49\"> II pula: 80 z\u0142 (od 7 do 17 wrze\u015bnia)<\/p>\n\n\n\n<p>wi\u0119cej informacji: <a href=\"https:\/\/www.facebook.com\/events\/662564565479501\" data-type=\"URL\" data-id=\"https:\/\/www.facebook.com\/events\/662564565479501\" target=\"_blank\" rel=\"noreferrer noopener\">facebook<\/a><\/p>\n<\/div>\n<\/div>\n\n\n\n<div class=\"is-layout-flex wp-container-9 wp-block-columns\">\n<div class=\"is-layout-flow wp-block-column\">\n<figure class=\"wp-block-image size-large\"><a href=\"http:\/\/petrock.pl\/wp-content\/uploads\/2023\/09\/hc-punk-19-7.10.2023.jpg\"><img decoding=\"async\" loading=\"lazy\" width=\"1024\" height=\"768\" src=\"http:\/\/petrock.pl\/wp-content\/uploads\/2023\/09\/hc-punk-19-7.10.2023-1024x768.jpg\" alt=\"\" class=\"wp-image-3861\" srcset=\"http:\/\/petrock.pl\/wp-content\/uploads\/2023\/09\/hc-punk-19-7.10.2023-1024x768.jpg 1024w, http:\/\/petrock.pl\/wp-content\/uploads\/2023\/09\/hc-punk-19-7.10.2023-300x225.jpg 300w, http:\/\/petrock.pl\/wp-content\/uploads\/2023\/09\/hc-punk-19-7.10.2023-768x576.jpg 768w, http:\/\/petrock.pl\/wp-content\/uploads\/2023\/09\/hc-punk-19-7.10.2023-678x509.jpg 678w, http:\/\/petrock.pl\/wp-content\/uploads\/2023\/09\/hc-punk-19-7.10.2023-326x245.jpg 326w, http:\/\/petrock.pl\/wp-content\/uploads\/2023\/09\/hc-punk-19-7.10.2023-80x60.jpg 80w, http:\/\/petrock.pl\/wp-content\/uploads\/2023\/09\/hc-punk-19-7.10.2023.jpg 1440w\" sizes=\"(max-width: 1024px) 100vw, 1024px\" \/><\/a><\/figure>\n<\/div>\n\n\n\n<div class=\"is-layout-flow wp-block-column\">\n<p>Wyst\u0105pi\u0105: <strong>Dead Crusade, Castet, Porgu, After Laughter<\/strong><\/p>\n\n\n\n<p>Data: 07.10.2023r.<\/p>\n\n\n\n<p>Miejsce: Rock&#8217;69<\/p>\n\n\n\n<p>Start: 19:00<\/p>\n\n\n\n<p>Bilety: przedsprzeda\u017c 30 PLN, w dniu koncertu 40 PLN<\/p>\n\n\n\n<p>wi\u0119cej informacji: <a href=\"https:\/\/www.facebook.com\/events\/1234331463940081\" data-type=\"URL\" data-id=\"https:\/\/www.facebook.com\/events\/1234331463940081\" target=\"_blank\" rel=\"noreferrer noopener\">facebook<\/a><\/p>\n<\/div>\n<\/div>\n\n\n\n<div class=\"is-layout-flex wp-container-12 wp-block-columns\">\n<div class=\"is-layout-flow wp-block-column\">\n<figure class=\"wp-block-image size-large\"><a href=\"http:\/\/petrock.pl\/wp-content\/uploads\/2023\/09\/The-Analogs-13.10.2023.jpg\"><img decoding=\"async\" loading=\"lazy\" width=\"1024\" height=\"576\" src=\"http:\/\/petrock.pl\/wp-content\/uploads\/2023\/09\/The-Analogs-13.10.2023-1024x576.jpg\" alt=\"\" class=\"wp-image-3855\" srcset=\"http:\/\/petrock.pl\/wp-content\/uploads\/2023\/09\/The-Analogs-13.10.2023-1024x576.jpg 1024w, http:\/\/petrock.pl\/wp-content\/uploads\/2023\/09\/The-Analogs-13.10.2023-300x169.jpg 300w, http:\/\/petrock.pl\/wp-content\/uploads\/2023\/09\/The-Analogs-13.10.2023-768x432.jpg 768w, http:\/\/petrock.pl\/wp-content\/uploads\/2023\/09\/The-Analogs-13.10.2023-1536x864.jpg 1536w, http:\/\/petrock.pl\/wp-content\/uploads\/2023\/09\/The-Analogs-13.10.2023-678x381.jpg 678w, http:\/\/petrock.pl\/wp-content\/uploads\/2023\/09\/The-Analogs-13.10.2023.jpg 1920w\" sizes=\"(max-width: 1024px) 100vw, 1024px\" \/><\/a><\/figure>\n<\/div>\n\n\n\n<div class=\"is-layout-flow wp-block-column\">\n<p>Wyst\u0105pi\u0105: <strong>The Analogs<\/strong><\/p>\n\n\n\n<p>Data: 13.10.2023r.<\/p>\n\n\n\n<p>Miejsce: Rock&#8217;69<\/p>\n\n\n\n<p>Start: 20:00<\/p>\n\n\n\n<p>Bilety: przedsprzeda\u017c 50 PLN, w dniu koncertu 60 PLN<\/p>\n\n\n\n<p>wi\u0119cej informacji: <a href=\"https:\/\/www.facebook.com\/events\/850297803323098\/?ref=newsfeed\" data-type=\"URL\" data-id=\"https:\/\/www.facebook.com\/events\/850297803323098\/?ref=newsfeed\" target=\"_blank\" rel=\"noreferrer noopener\">facebook<\/a><\/p>\n<\/div>\n<\/div>\n\n\n\n<div class=\"is-layout-flex wp-container-15 wp-block-columns\">\n<div class=\"is-layout-flow wp-block-column\">\n<figure class=\"wp-block-image size-large\"><a href=\"http:\/\/petrock.pl\/wp-content\/uploads\/2023\/09\/Reszta-Pokolenia.jpg\"><img decoding=\"async\" loading=\"lazy\" width=\"1024\" height=\"576\" src=\"http:\/\/petrock.pl\/wp-content\/uploads\/2023\/09\/Reszta-Pokolenia-1024x576.jpg\" alt=\"\" class=\"wp-image-3851\" srcset=\"http:\/\/petrock.pl\/wp-content\/uploads\/2023\/09\/Reszta-Pokolenia-1024x576.jpg 1024w, http:\/\/petrock.pl\/wp-content\/uploads\/2023\/09\/Reszta-Pokolenia-300x169.jpg 300w, http:\/\/petrock.pl\/wp-content\/uploads\/2023\/09\/Reszta-Pokolenia-768x432.jpg 768w, http:\/\/petrock.pl\/wp-content\/uploads\/2023\/09\/Reszta-Pokolenia-1536x864.jpg 1536w, http:\/\/petrock.pl\/wp-content\/uploads\/2023\/09\/Reszta-Pokolenia-678x381.jpg 678w, http:\/\/petrock.pl\/wp-content\/uploads\/2023\/09\/Reszta-Pokolenia.jpg 1920w\" sizes=\"(max-width: 1024px) 100vw, 1024px\" \/><\/a><\/figure>\n<\/div>\n\n\n\n<div class=\"is-layout-flow wp-block-column\">\n<p>Wyst\u0105pi\u0105: <strong>Reszta Pokolenia<\/strong><\/p>\n\n\n\n<p>Data: 13.01.2024<\/p>\n\n\n\n<p>Miejsce: Rock&#8217;69<\/p>\n\n\n\n<p>Start: 20:00<\/p>\n\n\n\n<p>Bilety: Brak informacji<\/p>\n\n\n\n<p>wi\u0119cej informacji: <a href=\"https:\/\/www.facebook.com\/events\/994050708475665?ref=newsfeed\" data-type=\"URL\" data-id=\"https:\/\/www.facebook.com\/events\/994050708475665?ref=newsfeed\" target=\"_blank\" rel=\"noreferrer noopener\">facebook<\/a><\/p>\n<\/div>\n<\/div>\n\n\n\n<hr class=\"wp-block-separator has-css-opacity\"\/>\n\n\n\n<div class=\"is-layout-flex wp-container-18 wp-block-columns\">\n<div class=\"is-layout-flow wp-block-column\">\n<figure class=\"wp-block-image size-large\"><a href=\"http:\/\/petrock.pl\/wp-content\/uploads\/2022\/04\/111111.jpg\"><img decoding=\"async\" loading=\"lazy\" width=\"1024\" height=\"536\" src=\"http:\/\/petrock.pl\/wp-content\/uploads\/2022\/04\/111111-1024x536.jpg\" alt=\"\" class=\"wp-image-3649\" srcset=\"http:\/\/petrock.pl\/wp-content\/uploads\/2022\/04\/111111-1024x536.jpg 1024w, http:\/\/petrock.pl\/wp-content\/uploads\/2022\/04\/111111-300x157.jpg 300w, http:\/\/petrock.pl\/wp-content\/uploads\/2022\/04\/111111-768x402.jpg 768w, http:\/\/petrock.pl\/wp-content\/uploads\/2022\/04\/111111-1536x804.jpg 1536w, http:\/\/petrock.pl\/wp-content\/uploads\/2022\/04\/111111.jpg 1920w\" sizes=\"(max-width: 1024px) 100vw, 1024px\" \/><\/a><\/figure>\n<\/div>\n\n\n\n<div class=\"is-layout-flow wp-block-column\">\n<p>Wyst\u0105pi\u0105: <strong>Hydra, Las Trumien<\/strong><\/p>\n\n\n\n<p>Data: 23.04.2022<\/p>\n\n\n\n<p>Miejsce: Rock&#8217;69<\/p>\n\n\n\n<p>Start: 19:00<\/p>\n\n\n\n<p>Bilety: 30 PLN w przedsprzeda\u017cy\/40 PLN w dniu koncertu<\/p>\n\n\n\n<p>wi\u0119cej informacji: <a rel=\"noreferrer noopener\" href=\"https:\/\/www.facebook.com\/events\/965604477707167\/?acontext=%7B%22event_action_history%22%3A[%7B%22mechanism%22%3A%22search_results%22%2C%22surface%22%3A%22search%22%7D]%2C%22ref_notif_type%22%3Anull%7D\" target=\"_blank\" data-type=\"URL\" data-id=\"https:\/\/www.facebook.com\/events\/965604477707167\/?acontext=%7B%22event_action_history%22%3A[%7B%22mechanism%22%3A%22search_results%22%2C%22surface%22%3A%22search%22%7D]%2C%22ref_notif_type%22%3Anull%7D\">facebook<\/a><\/p>\n<\/div>\n<\/div>\n\n\n\n<div class=\"is-layout-flex wp-container-21 wp-block-columns\">\n<div class=\"is-layout-flow wp-block-column\">\n<figure class=\"wp-block-image size-large\"><a href=\"http:\/\/petrock.pl\/wp-content\/uploads\/2022\/04\/2222222222.jpg\"><img decoding=\"async\" loading=\"lazy\" width=\"1024\" height=\"576\" src=\"http:\/\/petrock.pl\/wp-content\/uploads\/2022\/04\/2222222222-1024x576.jpg\" alt=\"\" class=\"wp-image-3651\" srcset=\"http:\/\/petrock.pl\/wp-content\/uploads\/2022\/04\/2222222222-1024x576.jpg 1024w, http:\/\/petrock.pl\/wp-content\/uploads\/2022\/04\/2222222222-300x169.jpg 300w, http:\/\/petrock.pl\/wp-content\/uploads\/2022\/04\/2222222222-768x432.jpg 768w, http:\/\/petrock.pl\/wp-content\/uploads\/2022\/04\/2222222222-1536x864.jpg 1536w, http:\/\/petrock.pl\/wp-content\/uploads\/2022\/04\/2222222222-678x381.jpg 678w, http:\/\/petrock.pl\/wp-content\/uploads\/2022\/04\/2222222222.jpg 1707w\" sizes=\"(max-width: 1024px) 100vw, 1024px\" \/><\/a><\/figure>\n<\/div>\n\n\n\n<div class=\"is-layout-flow wp-block-column\">\n<p>Wyst\u0105pi\u0105: <strong>Farben Lehre, Jeden Osiem L, Reszta Pokolenia<\/strong><\/p>\n\n\n\n<p>Data: 24.04.2022<\/p>\n\n\n\n<p>Miejsce: P\u0142ocki O\u015brodek Kultury i Sztuki w P\u0142ocku<\/p>\n\n\n\n<p>Start: 19:00<\/p>\n\n\n\n<p>Bilety: w przedsprzeda\u017cy 45 z\u0142\/ 50 z\u0142 w dniu koncertu<\/p>\n\n\n\n<p>wi\u0119cej informacji: <a rel=\"noreferrer noopener\" href=\"https:\/\/www.facebook.com\/events\/858007448416301\/?acontext=%7B%22event_action_history%22%3A[%7B%22mechanism%22%3A%22search_results%22%2C%22surface%22%3A%22search%22%7D]%2C%22ref_notif_type%22%3Anull%7D\" target=\"_blank\" data-type=\"URL\" data-id=\"https:\/\/www.facebook.com\/events\/858007448416301\/?acontext=%7B%22event_action_history%22%3A[%7B%22mechanism%22%3A%22search_results%22%2C%22surface%22%3A%22search%22%7D]%2C%22ref_notif_type%22%3Anull%7D\">facebook<\/a><\/p>\n<\/div>\n<\/div>\n\n\n\n<div class=\"is-layout-flex wp-container-24 wp-block-columns\">\n<div class=\"is-layout-flow wp-block-column\">\n<figure class=\"wp-block-image size-large\"><a href=\"http:\/\/petrock.pl\/wp-content\/uploads\/2022\/04\/888888888.jpg\"><img decoding=\"async\" loading=\"lazy\" width=\"1024\" height=\"570\" src=\"http:\/\/petrock.pl\/wp-content\/uploads\/2022\/04\/888888888-1024x570.jpg\" alt=\"\" class=\"wp-image-3676\" srcset=\"http:\/\/petrock.pl\/wp-content\/uploads\/2022\/04\/888888888-1024x570.jpg 1024w, http:\/\/petrock.pl\/wp-content\/uploads\/2022\/04\/888888888-300x167.jpg 300w, http:\/\/petrock.pl\/wp-content\/uploads\/2022\/04\/888888888-768x428.jpg 768w, http:\/\/petrock.pl\/wp-content\/uploads\/2022\/04\/888888888-1536x855.jpg 1536w, http:\/\/petrock.pl\/wp-content\/uploads\/2022\/04\/888888888.jpg 2048w\" sizes=\"(max-width: 1024px) 100vw, 1024px\" \/><\/a><\/figure>\n<\/div>\n\n\n\n<div class=\"is-layout-flow wp-block-column\">\n<p>Wyst\u0105pi\u0105:<strong> Heedless Elegance, Keymakers<\/strong><\/p>\n\n\n\n<p>Data: 07.05.2022<\/p>\n\n\n\n<p>Miejsce: Rock&#8217;69<\/p>\n\n\n\n<p>Start: 19:00<\/p>\n\n\n\n<p>Bilety: 25 PLN<\/p>\n\n\n\n<p>wi\u0119cej informacji: <a href=\"https:\/\/www.facebook.com\/events\/330029425291764\/\" data-type=\"URL\" data-id=\"https:\/\/www.facebook.com\/events\/330029425291764\/\" target=\"_blank\" rel=\"noreferrer noopener\">facebook<\/a><\/p>\n<\/div>\n<\/div>\n\n\n\n<div class=\"is-layout-flex wp-container-27 wp-block-columns\">\n<div class=\"is-layout-flow wp-block-column\">\n<figure class=\"wp-block-image size-large\"><a href=\"http:\/\/petrock.pl\/wp-content\/uploads\/2022\/04\/rock-tower.png\"><img decoding=\"async\" loading=\"lazy\" width=\"990\" height=\"990\" src=\"http:\/\/petrock.pl\/wp-content\/uploads\/2022\/04\/rock-tower.png\" alt=\"\" class=\"wp-image-3657\" srcset=\"http:\/\/petrock.pl\/wp-content\/uploads\/2022\/04\/rock-tower.png 990w, http:\/\/petrock.pl\/wp-content\/uploads\/2022\/04\/rock-tower-300x300.png 300w, http:\/\/petrock.pl\/wp-content\/uploads\/2022\/04\/rock-tower-150x150.png 150w, http:\/\/petrock.pl\/wp-content\/uploads\/2022\/04\/rock-tower-768x768.png 768w\" sizes=\"(max-width: 990px) 100vw, 990px\" \/><\/a><\/figure>\n<\/div>\n\n\n\n<div class=\"is-layout-flow wp-block-column\">\n<p>Wyst\u0105pi\u0105: <strong>Orgasmatron, Varnheim, Euforia, POGO &#8211; DA, VATAHA<\/strong><\/p>\n\n\n\n<p>Data: 15.05.2022<\/p>\n\n\n\n<p>Miejsce: Miejski O\u015brodek Sportu i Rekreacji w P\u0142ocku<\/p>\n\n\n\n<p>Start: 16:00<\/p>\n\n\n\n<p>Bilety: w cenie 15 z\u0142otych, dost\u0119pne s\u0105 w Bileterii POKiS (ul. Jakubowskiego 10) oraz przez internet na stronie bilety.pokis.pl.<\/p>\n\n\n\n<p>wi\u0119cej informacji: <a href=\"https:\/\/pokis.pl\/2022\/04\/22\/wieza-na-ktora-musisz-wejsc-rock-tower-ponownie-w-plocku\/?fbclid=IwAR2b4_nlgV_6Hbqad5HSawb8a7rWl62KF_BUA_HOC9ZbmUnV76Lbxs3ZdWg\" data-type=\"URL\" data-id=\"https:\/\/pokis.pl\/2022\/04\/22\/wieza-na-ktora-musisz-wejsc-rock-tower-ponownie-w-plocku\/?fbclid=IwAR2b4_nlgV_6Hbqad5HSawb8a7rWl62KF_BUA_HOC9ZbmUnV76Lbxs3ZdWg\" target=\"_blank\" rel=\"noreferrer noopener\">POKiS<\/a><\/p>\n<\/div>\n<\/div>\n\n\n\n<div class=\"is-layout-flex wp-container-30 wp-block-columns\">\n<div class=\"is-layout-flow wp-block-column\">\n<figure class=\"wp-block-image size-large\"><a href=\"http:\/\/petrock.pl\/wp-content\/uploads\/2022\/04\/7777777.jpg\"><img decoding=\"async\" loading=\"lazy\" width=\"724\" height=\"1024\" src=\"http:\/\/petrock.pl\/wp-content\/uploads\/2022\/04\/7777777-724x1024.jpg\" alt=\"\" class=\"wp-image-3670\" srcset=\"http:\/\/petrock.pl\/wp-content\/uploads\/2022\/04\/7777777-724x1024.jpg 724w, http:\/\/petrock.pl\/wp-content\/uploads\/2022\/04\/7777777-212x300.jpg 212w, http:\/\/petrock.pl\/wp-content\/uploads\/2022\/04\/7777777-768x1086.jpg 768w, http:\/\/petrock.pl\/wp-content\/uploads\/2022\/04\/7777777-1086x1536.jpg 1086w, http:\/\/petrock.pl\/wp-content\/uploads\/2022\/04\/7777777.jpg 1448w\" sizes=\"(max-width: 724px) 100vw, 724px\" \/><\/a><\/figure>\n<\/div>\n\n\n\n<div class=\"is-layout-flow wp-block-column\">\n<p>Wyst\u0105pi\u0105:<strong> FORT BS<\/strong>,<strong> DE \u0141INDOWS<\/strong>, <strong>BeerForce<\/strong><\/p>\n\n\n\n<p>Data: 21.05.2022<\/p>\n\n\n\n<p>Miejsce: Rock&#8217;69<\/p>\n\n\n\n<p>Start: 19:00<\/p>\n\n\n\n<p>Bilety: 30 PLN<\/p>\n\n\n\n<p>wi\u0119cej informacji: <a href=\"https:\/\/www.facebook.com\/events\/696402671482589?active_tab=about\" data-type=\"URL\" data-id=\"https:\/\/www.facebook.com\/events\/696402671482589?active_tab=about\" target=\"_blank\" rel=\"noreferrer noopener\">facebook<\/a><\/p>\n<\/div>\n<\/div>\n\n\n\n<div class=\"is-layout-flex wp-container-33 wp-block-columns\">\n<div class=\"is-layout-flow wp-block-column\">\n<figure class=\"wp-block-image size-large\"><a href=\"http:\/\/petrock.pl\/wp-content\/uploads\/2022\/04\/6666666-1.jpg\"><img decoding=\"async\" loading=\"lazy\" width=\"1024\" height=\"576\" src=\"http:\/\/petrock.pl\/wp-content\/uploads\/2022\/04\/6666666-1-1024x576.jpg\" alt=\"\" class=\"wp-image-3666\" srcset=\"http:\/\/petrock.pl\/wp-content\/uploads\/2022\/04\/6666666-1-1024x576.jpg 1024w, http:\/\/petrock.pl\/wp-content\/uploads\/2022\/04\/6666666-1-300x169.jpg 300w, http:\/\/petrock.pl\/wp-content\/uploads\/2022\/04\/6666666-1-768x432.jpg 768w, http:\/\/petrock.pl\/wp-content\/uploads\/2022\/04\/6666666-1-678x381.jpg 678w, http:\/\/petrock.pl\/wp-content\/uploads\/2022\/04\/6666666-1.jpg 1440w\" sizes=\"(max-width: 1024px) 100vw, 1024px\" \/><\/a><\/figure>\n<\/div>\n\n\n\n<div class=\"is-layout-flow wp-block-column\">\n<p>Wyst\u0105pi\u0105:<strong> NECROSODOMISTICAL SLAUGHTER, MAGGOTH, KETHA<\/strong><\/p>\n\n\n\n<p>Data: 28.05.2022<\/p>\n\n\n\n<p>Miejsce: Rock&#8217;69<\/p>\n\n\n\n<p>Start: 19:00<\/p>\n\n\n\n<p>Bilety: 20 PLN<\/p>\n\n\n\n<p>wi\u0119cej informacji: <a href=\"https:\/\/www.facebook.com\/events\/1290385504828203?ref=newsfeed\" data-type=\"URL\" data-id=\"https:\/\/www.facebook.com\/events\/1290385504828203?ref=newsfeed\" target=\"_blank\" rel=\"noreferrer noopener\">facebook<\/a><\/p>\n<\/div>\n<\/div>\n\n\n\n<div class=\"is-layout-flex wp-container-36 wp-block-columns\">\n<div class=\"is-layout-flow wp-block-column\">\n<figure class=\"wp-block-image size-large\"><a href=\"http:\/\/petrock.pl\/wp-content\/uploads\/2022\/04\/9999999999.jpg\"><img decoding=\"async\" loading=\"lazy\" width=\"1024\" height=\"774\" src=\"http:\/\/petrock.pl\/wp-content\/uploads\/2022\/04\/9999999999-1024x774.jpg\" alt=\"\" class=\"wp-image-3680\" srcset=\"http:\/\/petrock.pl\/wp-content\/uploads\/2022\/04\/9999999999-1024x774.jpg 1024w, http:\/\/petrock.pl\/wp-content\/uploads\/2022\/04\/9999999999-300x227.jpg 300w, http:\/\/petrock.pl\/wp-content\/uploads\/2022\/04\/9999999999-768x580.jpg 768w, http:\/\/petrock.pl\/wp-content\/uploads\/2022\/04\/9999999999-326x245.jpg 326w, http:\/\/petrock.pl\/wp-content\/uploads\/2022\/04\/9999999999-80x60.jpg 80w, http:\/\/petrock.pl\/wp-content\/uploads\/2022\/04\/9999999999.jpg 1498w\" sizes=\"(max-width: 1024px) 100vw, 1024px\" \/><\/a><\/figure>\n<\/div>\n\n\n\n<div class=\"is-layout-flow wp-block-column\">\n<p>Wyst\u0105pi\u0105:<strong> Sk\u00f8v, Last Penance, Six Steps Forward<\/strong><\/p>\n\n\n\n<p>Data: 10.06.2022<\/p>\n\n\n\n<p>Miejsce: Rock&#8217;69<\/p>\n\n\n\n<p>Start: 19:00<\/p>\n\n\n\n<p>Bilety: 40 PLN<\/p>\n\n\n\n<p>wi\u0119cej informacji: <a href=\"https:\/\/www.facebook.com\/events\/400395068589389\/\" data-type=\"URL\" data-id=\"https:\/\/www.facebook.com\/events\/400395068589389\/\" target=\"_blank\" rel=\"noreferrer noopener\">facebook<\/a><\/p>\n<\/div>\n<\/div>\n\n\n\n<div class=\"is-layout-flex wp-container-39 wp-block-columns\">\n<div class=\"is-layout-flow wp-block-column\">\n<figure class=\"wp-block-image size-large\"><a href=\"http:\/\/petrock.pl\/wp-content\/uploads\/2022\/04\/4444-1.jpg\"><img decoding=\"async\" loading=\"lazy\" width=\"904\" height=\"393\" src=\"http:\/\/petrock.pl\/wp-content\/uploads\/2022\/04\/4444-1.jpg\" alt=\"\" class=\"wp-image-3667\" srcset=\"http:\/\/petrock.pl\/wp-content\/uploads\/2022\/04\/4444-1.jpg 904w, http:\/\/petrock.pl\/wp-content\/uploads\/2022\/04\/4444-1-300x130.jpg 300w, http:\/\/petrock.pl\/wp-content\/uploads\/2022\/04\/4444-1-768x334.jpg 768w\" sizes=\"(max-width: 904px) 100vw, 904px\" \/><\/a><\/figure>\n<\/div>\n\n\n\n<div class=\"is-layout-flow wp-block-column\">\n<p>Wyst\u0105pi\u0105:<strong> Damnation<\/strong> + co\u015b jeszcze<\/p>\n\n\n\n<p>Data: 23.07.2022<\/p>\n\n\n\n<p>Miejsce: Rock&#8217;69<\/p>\n\n\n\n<p>Start: 19:00<\/p>\n\n\n\n<p>Bilety: info wkr\u00f3tce<\/p>\n\n\n\n<p>wi\u0119cej informacji: <a href=\"https:\/\/www.facebook.com\/events\/534938478249892\/?acontext=%7B%22event_action_history%22%3A[%7B%22mechanism%22%3A%22search_results%22%2C%22surface%22%3A%22search%22%7D]%2C%22ref_notif_type%22%3Anull%7D\" data-type=\"URL\" data-id=\"https:\/\/www.facebook.com\/events\/534938478249892\/?acontext=%7B%22event_action_history%22%3A[%7B%22mechanism%22%3A%22search_results%22%2C%22surface%22%3A%22search%22%7D]%2C%22ref_notif_type%22%3Anull%7D\" target=\"_blank\" rel=\"noreferrer noopener\">facebook<\/a><\/p>\n<\/div>\n<\/div>\n\n\n\n<p class=\"has-medium-font-size\"><strong>Minione koncerty<\/strong>:<\/p>\n\n\n\n<div class=\"is-layout-flex wp-container-42 wp-block-columns\">\n<div class=\"is-layout-flow wp-block-column\">\n<figure class=\"wp-block-image size-large\"><a href=\"http:\/\/petrock.pl\/wp-content\/uploads\/2022\/02\/26.03..jpg\"><img decoding=\"async\" loading=\"lazy\" width=\"730\" height=\"1024\" src=\"http:\/\/petrock.pl\/wp-content\/uploads\/2022\/02\/26.03.-730x1024.jpg\" alt=\"\" class=\"wp-image-3580\" srcset=\"http:\/\/petrock.pl\/wp-content\/uploads\/2022\/02\/26.03.-730x1024.jpg 730w, http:\/\/petrock.pl\/wp-content\/uploads\/2022\/02\/26.03.-214x300.jpg 214w, http:\/\/petrock.pl\/wp-content\/uploads\/2022\/02\/26.03.-768x1077.jpg 768w, http:\/\/petrock.pl\/wp-content\/uploads\/2022\/02\/26.03.-1095x1536.jpg 1095w, http:\/\/petrock.pl\/wp-content\/uploads\/2022\/02\/26.03..jpg 1276w\" sizes=\"(max-width: 730px) 100vw, 730px\" \/><\/a><\/figure>\n<\/div>\n\n\n\n<div class=\"is-layout-flow wp-block-column\">\n<p>Wyst\u0105pi\u0105: <strong>ORPHANAGE NAMED EARTH<\/strong>, <strong>YE.STEM<\/strong><\/p>\n\n\n\n<p>Data: 26.03.2022<\/p>\n\n\n\n<p>Miejsce: Rock&#8217;69<\/p>\n\n\n\n<p>Start: 19:00<\/p>\n\n\n\n<p>Bilety: ????<\/p>\n\n\n\n<p>wi\u0119cej informacji: wkr\u00f3tce<\/p>\n<\/div>\n<\/div>\n\n\n\n<div class=\"is-layout-flex wp-container-45 wp-block-columns\">\n<div class=\"is-layout-flow wp-block-column\">\n<figure class=\"wp-block-image size-large\"><a href=\"http:\/\/petrock.pl\/wp-content\/uploads\/2021\/10\/krzta.jpg\"><img decoding=\"async\" loading=\"lazy\" width=\"1024\" height=\"536\" src=\"http:\/\/petrock.pl\/wp-content\/uploads\/2021\/10\/krzta-1024x536.jpg\" alt=\"\" class=\"wp-image-3477\" srcset=\"http:\/\/petrock.pl\/wp-content\/uploads\/2021\/10\/krzta-1024x536.jpg 1024w, http:\/\/petrock.pl\/wp-content\/uploads\/2021\/10\/krzta-300x157.jpg 300w, http:\/\/petrock.pl\/wp-content\/uploads\/2021\/10\/krzta-768x402.jpg 768w, http:\/\/petrock.pl\/wp-content\/uploads\/2021\/10\/krzta.jpg 1200w\" sizes=\"(max-width: 1024px) 100vw, 1024px\" \/><\/a><\/figure>\n<\/div>\n\n\n\n<div class=\"is-layout-flow wp-block-column\">\n<p>Wyst\u0105pi\u0105: <strong>Krzta, Sztylety<\/strong><\/p>\n\n\n\n<p>Data: 26.02.2022<\/p>\n\n\n\n<p>Miejsce: Rock&#8217;69<\/p>\n\n\n\n<p>Start: 19:00<\/p>\n\n\n\n<p>Bilety: ????<\/p>\n\n\n\n<p>wi\u0119cej informacji: <a href=\"https:\/\/www.facebook.com\/events\/4492935187449500\/?ref=newsfeed\" data-type=\"URL\" target=\"_blank\" rel=\"noreferrer noopener\">facebook<\/a><\/p>\n<\/div>\n<\/div>\n\n\n\n<div class=\"is-layout-flex wp-container-48 wp-block-columns\">\n<div class=\"is-layout-flow wp-block-column\">\n<figure class=\"wp-block-image size-large\"><a href=\"http:\/\/petrock.pl\/wp-content\/uploads\/2022\/02\/Wojciech-Mozalewski.png\"><img decoding=\"async\" loading=\"lazy\" width=\"1024\" height=\"384\" src=\"http:\/\/petrock.pl\/wp-content\/uploads\/2022\/02\/Wojciech-Mozalewski-1024x384.png\" alt=\"\" class=\"wp-image-3587\" srcset=\"http:\/\/petrock.pl\/wp-content\/uploads\/2022\/02\/Wojciech-Mozalewski-1024x384.png 1024w, http:\/\/petrock.pl\/wp-content\/uploads\/2022\/02\/Wojciech-Mozalewski-300x113.png 300w, http:\/\/petrock.pl\/wp-content\/uploads\/2022\/02\/Wojciech-Mozalewski-768x288.png 768w, http:\/\/petrock.pl\/wp-content\/uploads\/2022\/02\/Wojciech-Mozalewski-1536x576.png 1536w, http:\/\/petrock.pl\/wp-content\/uploads\/2022\/02\/Wojciech-Mozalewski.png 1920w\" sizes=\"(max-width: 1024px) 100vw, 1024px\" \/><\/a><\/figure>\n<\/div>\n\n\n\n<div class=\"is-layout-flow wp-block-column\">\n<p>Wyst\u0105pi\u0105: <strong>Wojciech Mozolewski<\/strong><\/p>\n\n\n\n<p>Data: 18.02.2022<\/p>\n\n\n\n<p>Miejsce: P\u0142ocki O\u015brodek Kultury i Sztuki<\/p>\n\n\n\n<p>Start: 19:00<\/p>\n\n\n\n<p>Bilety: 40 PLN<\/p>\n\n\n\n<p>wi\u0119cej informacji: <a href=\"https:\/\/www.facebook.com\/events\/282488610644529?ref=newsfeed\" data-type=\"URL\" data-id=\"https:\/\/www.facebook.com\/events\/282488610644529?ref=newsfeed\" target=\"_blank\" rel=\"noreferrer noopener\">facebook<\/a><\/p>\n<\/div>\n<\/div>\n\n\n\n<div class=\"is-layout-flex wp-container-51 wp-block-columns\">\n<div class=\"is-layout-flow wp-block-column\">\n<figure class=\"wp-block-image size-large is-resized\"><a href=\"http:\/\/petrock.pl\/wp-content\/uploads\/2022\/02\/the-bill.jpg\"><img decoding=\"async\" loading=\"lazy\" src=\"http:\/\/petrock.pl\/wp-content\/uploads\/2022\/02\/the-bill-1024x536.jpg\" alt=\"\" class=\"wp-image-3584\" width=\"274\" height=\"143\" srcset=\"http:\/\/petrock.pl\/wp-content\/uploads\/2022\/02\/the-bill-1024x536.jpg 1024w, http:\/\/petrock.pl\/wp-content\/uploads\/2022\/02\/the-bill-300x157.jpg 300w, http:\/\/petrock.pl\/wp-content\/uploads\/2022\/02\/the-bill-768x402.jpg 768w, http:\/\/petrock.pl\/wp-content\/uploads\/2022\/02\/the-bill.jpg 1200w\" sizes=\"(max-width: 274px) 100vw, 274px\" \/><\/a><\/figure>\n<\/div>\n\n\n\n<div class=\"is-layout-flow wp-block-column\">\n<p>Wyst\u0105pi\u0105 :<strong>The Bill, Pull The Wire<\/strong><\/p>\n\n\n\n<p>Data: 12.02.2022<\/p>\n\n\n\n<p>Miejsce: Rock&#8217;69<\/p>\n\n\n\n<p>Start: 19:00<\/p>\n\n\n\n<p>Bilety: 35 PLN<\/p>\n\n\n\n<p>wi\u0119cej informacji: <a href=\"https:\/\/goout.net\/pl\/pull-the-wire+the-bill\/szjvuss\/?fbclid=IwAR0iCwQUB35mfAiT2858nr-ApzpUTAhCExPS3ZBSY2I1BreVymcqPD8NKZQ\" data-type=\"URL\" data-id=\"https:\/\/goout.net\/pl\/pull-the-wire+the-bill\/szjvuss\/?fbclid=IwAR0iCwQUB35mfAiT2858nr-ApzpUTAhCExPS3ZBSY2I1BreVymcqPD8NKZQ\" target=\"_blank\" rel=\"noreferrer noopener\">tutaj<\/a><\/p>\n<\/div>\n<\/div>\n\n\n\n<div class=\"is-layout-flex wp-container-54 wp-block-columns\">\n<div class=\"is-layout-flow wp-block-column\">\n<figure class=\"wp-block-image size-large\"><a href=\"http:\/\/petrock.pl\/wp-content\/uploads\/2022\/02\/fredek-i-spolka.jpg\"><img decoding=\"async\" loading=\"lazy\" width=\"724\" height=\"1024\" src=\"http:\/\/petrock.pl\/wp-content\/uploads\/2022\/02\/fredek-i-spolka-724x1024.jpg\" alt=\"\" class=\"wp-image-3582\" srcset=\"http:\/\/petrock.pl\/wp-content\/uploads\/2022\/02\/fredek-i-spolka-724x1024.jpg 724w, http:\/\/petrock.pl\/wp-content\/uploads\/2022\/02\/fredek-i-spolka-212x300.jpg 212w, http:\/\/petrock.pl\/wp-content\/uploads\/2022\/02\/fredek-i-spolka-768x1086.jpg 768w, http:\/\/petrock.pl\/wp-content\/uploads\/2022\/02\/fredek-i-spolka-1086x1536.jpg 1086w, http:\/\/petrock.pl\/wp-content\/uploads\/2022\/02\/fredek-i-spolka.jpg 1241w\" sizes=\"(max-width: 724px) 100vw, 724px\" \/><\/a><\/figure>\n<\/div>\n\n\n\n<div class=\"is-layout-flow wp-block-column\">\n<p>Wyst\u0105pi\u0105: <strong>Nonsanto&nbsp;, 71TONMAN&nbsp;, Zdrajca, Heathen Swamp<\/strong><\/p>\n\n\n\n<p>Data: 05.02.2022<\/p>\n\n\n\n<p>Miejsce: Rock&#8217;69<\/p>\n\n\n\n<p>Start: 19:00<\/p>\n\n\n\n<p>Bilety: 30 PLN<\/p>\n\n\n\n<p>wi\u0119cej informacji: <a href=\"https:\/\/www.facebook.com\/events\/3001213676793630?active_tab=about\" data-type=\"URL\" data-id=\"https:\/\/www.facebook.com\/events\/3001213676793630?active_tab=about\" target=\"_blank\" rel=\"noreferrer noopener\">facebook<\/a><\/p>\n<\/div>\n<\/div>\n\n\n\n<div class=\"is-layout-flex wp-container-57 wp-block-columns\">\n<div class=\"is-layout-flow wp-block-column\">\n<figure class=\"wp-block-image size-large\"><a href=\"http:\/\/petrock.pl\/wp-content\/uploads\/2021\/10\/koncert-hc-punk.jpg\"><img decoding=\"async\" loading=\"lazy\" width=\"727\" height=\"1024\" src=\"http:\/\/petrock.pl\/wp-content\/uploads\/2021\/10\/koncert-hc-punk-727x1024.jpg\" alt=\"\" class=\"wp-image-3370\" srcset=\"http:\/\/petrock.pl\/wp-content\/uploads\/2021\/10\/koncert-hc-punk-727x1024.jpg 727w, http:\/\/petrock.pl\/wp-content\/uploads\/2021\/10\/koncert-hc-punk-213x300.jpg 213w, http:\/\/petrock.pl\/wp-content\/uploads\/2021\/10\/koncert-hc-punk-768x1082.jpg 768w, http:\/\/petrock.pl\/wp-content\/uploads\/2021\/10\/koncert-hc-punk.jpg 854w\" sizes=\"(max-width: 727px) 100vw, 727px\" \/><\/a><\/figure>\n<\/div>\n\n\n\n<div class=\"is-layout-flow wp-block-column\">\n<p>Wyst\u0105pi\u0105: <strong>Eye For An Eye, Witchrite, Zdziry<\/strong><\/p>\n\n\n\n<p>Data: 17.12.2021 <\/p>\n\n\n\n<p>Miejsce: Rock&#8217;69<\/p>\n\n\n\n<p>Start: 20:00<\/p>\n\n\n\n<p>Bilety: 30 PLN<\/p>\n\n\n\n<p>wi\u0119cej informacji: <a href=\"https:\/\/www.facebook.com\/events\/572405887518813?active_tab=about\" data-type=\"URL\" data-id=\"https:\/\/www.facebook.com\/events\/572405887518813?active_tab=about\" target=\"_blank\" rel=\"noreferrer noopener\">facebook<\/a><\/p>\n<\/div>\n<\/div>\n\n\n\n<div class=\"is-layout-flex wp-container-60 wp-block-columns\">\n<div class=\"is-layout-flow wp-block-column\">\n<figure class=\"wp-block-image size-large\"><a href=\"http:\/\/petrock.pl\/wp-content\/uploads\/2021\/11\/skarga.jpg\"><img decoding=\"async\" loading=\"lazy\" width=\"600\" height=\"838\" src=\"http:\/\/petrock.pl\/wp-content\/uploads\/2021\/11\/skarga.jpg\" alt=\"\" class=\"wp-image-3571\" srcset=\"http:\/\/petrock.pl\/wp-content\/uploads\/2021\/11\/skarga.jpg 600w, http:\/\/petrock.pl\/wp-content\/uploads\/2021\/11\/skarga-215x300.jpg 215w\" sizes=\"(max-width: 600px) 100vw, 600px\" \/><\/a><\/figure>\n<\/div>\n\n\n\n<div class=\"is-layout-flow wp-block-column\">\n<p>Wyst\u0105pi\u0105: <strong>Skarga, Kapibary<\/strong><\/p>\n\n\n\n<p>Data: 27.11.2021 <\/p>\n\n\n\n<p>Miejsce: Rock&#8217;69<\/p>\n\n\n\n<p>Start: 19:00<\/p>\n\n\n\n<p>Bilety: 15 PLN<\/p>\n\n\n\n<p>wi\u0119cej informacji: <a href=\"https:\/\/www.facebook.com\/events\/564598894837528\/?ref=newsfeed\" data-type=\"URL\" data-id=\"https:\/\/www.facebook.com\/events\/564598894837528\/?ref=newsfeed\" target=\"_blank\" rel=\"noreferrer noopener\">facebook<\/a><\/p>\n<\/div>\n<\/div>\n\n\n\n<div class=\"is-layout-flex wp-container-63 wp-block-columns\">\n<div class=\"is-layout-flow wp-block-column\">\n<figure class=\"wp-block-image size-large\"><a href=\"http:\/\/petrock.pl\/wp-content\/uploads\/2021\/11\/pokis-1.jpg\"><img decoding=\"async\" loading=\"lazy\" width=\"1000\" height=\"1000\" src=\"http:\/\/petrock.pl\/wp-content\/uploads\/2021\/11\/pokis-1.jpg\" alt=\"\" class=\"wp-image-3563\" srcset=\"http:\/\/petrock.pl\/wp-content\/uploads\/2021\/11\/pokis-1.jpg 1000w, http:\/\/petrock.pl\/wp-content\/uploads\/2021\/11\/pokis-1-300x300.jpg 300w, http:\/\/petrock.pl\/wp-content\/uploads\/2021\/11\/pokis-1-150x150.jpg 150w, http:\/\/petrock.pl\/wp-content\/uploads\/2021\/11\/pokis-1-768x768.jpg 768w\" sizes=\"(max-width: 1000px) 100vw, 1000px\" \/><\/a><\/figure>\n<\/div>\n\n\n\n<div class=\"is-layout-flow wp-block-column\">\n<p>Wyst\u0105pi\u0105: <strong>Syrena 104, Waldemort<\/strong><\/p>\n\n\n\n<p>Data: 27.11.2021 <\/p>\n\n\n\n<p>Miejsce: P\u0142ocki O\u015brodek Kultury i Sztuki<\/p>\n\n\n\n<p>Start: 18:00<\/p>\n\n\n\n<p>Bilety: Darmowe wej\u015bci\u00f3wki do odbioru w POKiS <\/p>\n<\/div>\n<\/div>\n\n\n\n<div class=\"is-layout-flex wp-container-66 wp-block-columns\">\n<div class=\"is-layout-flow wp-block-column\">\n<figure class=\"wp-block-image size-large\"><a href=\"http:\/\/petrock.pl\/wp-content\/uploads\/2021\/11\/20L-Crew.jpg\"><img decoding=\"async\" loading=\"lazy\" width=\"1005\" height=\"565\" src=\"http:\/\/petrock.pl\/wp-content\/uploads\/2021\/11\/20L-Crew.jpg\" alt=\"\" class=\"wp-image-3574\" srcset=\"http:\/\/petrock.pl\/wp-content\/uploads\/2021\/11\/20L-Crew.jpg 1005w, http:\/\/petrock.pl\/wp-content\/uploads\/2021\/11\/20L-Crew-300x169.jpg 300w, http:\/\/petrock.pl\/wp-content\/uploads\/2021\/11\/20L-Crew-768x432.jpg 768w, http:\/\/petrock.pl\/wp-content\/uploads\/2021\/11\/20L-Crew-678x381.jpg 678w\" sizes=\"(max-width: 1005px) 100vw, 1005px\" \/><\/a><\/figure>\n<\/div>\n\n\n\n<div class=\"is-layout-flow wp-block-column\">\n<p>Wyst\u0105pi\u0105: <strong>Climate Of Fear<\/strong>, <strong>Embitter<\/strong><\/p>\n\n\n\n<p>Data: 25.11.2021 <\/p>\n\n\n\n<p>Miejsce: Rock&#8217;69<\/p>\n\n\n\n<p>Start: 19:00<\/p>\n\n\n\n<p>Bilety: 35 PLN<\/p>\n\n\n\n<p>wi\u0119cej informacji: <a href=\"https:\/\/www.facebook.com\/events\/190348763074815\/?ref=newsfeed\" data-type=\"URL\" data-id=\"https:\/\/www.facebook.com\/events\/190348763074815\/?ref=newsfeed\" target=\"_blank\" rel=\"noreferrer noopener\">facebook<\/a><\/p>\n<\/div>\n<\/div>\n\n\n\n<div class=\"is-layout-flex wp-container-69 wp-block-columns\">\n<div class=\"is-layout-flow wp-block-column\">\n<figure class=\"wp-block-image size-large\"><a href=\"http:\/\/petrock.pl\/wp-content\/uploads\/2021\/11\/kaplica.jpg\"><img decoding=\"async\" loading=\"lazy\" width=\"724\" height=\"1024\" src=\"http:\/\/petrock.pl\/wp-content\/uploads\/2021\/11\/kaplica-724x1024.jpg\" alt=\"\" class=\"wp-image-3520\" srcset=\"http:\/\/petrock.pl\/wp-content\/uploads\/2021\/11\/kaplica-724x1024.jpg 724w, http:\/\/petrock.pl\/wp-content\/uploads\/2021\/11\/kaplica-212x300.jpg 212w, http:\/\/petrock.pl\/wp-content\/uploads\/2021\/11\/kaplica-768x1086.jpg 768w, http:\/\/petrock.pl\/wp-content\/uploads\/2021\/11\/kaplica-1086x1536.jpg 1086w, http:\/\/petrock.pl\/wp-content\/uploads\/2021\/11\/kaplica.jpg 1448w\" sizes=\"(max-width: 724px) 100vw, 724px\" \/><\/a><\/figure>\n<\/div>\n\n\n\n<div class=\"is-layout-flow wp-block-column\">\n<p>Wyst\u0105pi\u0105: <strong>Not This Time, Czerwone Ko\u015bcio\u0142y, Kaplica<\/strong><\/p>\n\n\n\n<p>Data: 20.11.2021 <\/p>\n\n\n\n<p>Miejsce: Rock&#8217;69<\/p>\n\n\n\n<p>Start: 20:00<\/p>\n\n\n\n<p>Bilety: 20 PLN<\/p>\n\n\n\n<p>wi\u0119cej informacji: <a href=\"https:\/\/www.facebook.com\/events\/392500599049422\/?active_tab=discussion\" data-type=\"URL\" data-id=\"https:\/\/www.facebook.com\/events\/392500599049422\/?active_tab=discussion\" target=\"_blank\" rel=\"noreferrer noopener\">facebook<\/a><\/p>\n<\/div>\n<\/div>\n\n\n\n<div class=\"is-layout-flex wp-container-72 wp-block-columns\">\n<div class=\"is-layout-flow wp-block-column\">\n<figure class=\"wp-block-image size-large\"><a href=\"http:\/\/petrock.pl\/wp-content\/uploads\/2021\/10\/necro.jpg\"><img decoding=\"async\" loading=\"lazy\" width=\"732\" height=\"1024\" src=\"http:\/\/petrock.pl\/wp-content\/uploads\/2021\/10\/necro-732x1024.jpg\" alt=\"\" class=\"wp-image-3480\" srcset=\"http:\/\/petrock.pl\/wp-content\/uploads\/2021\/10\/necro-732x1024.jpg 732w, http:\/\/petrock.pl\/wp-content\/uploads\/2021\/10\/necro-215x300.jpg 215w, http:\/\/petrock.pl\/wp-content\/uploads\/2021\/10\/necro-768x1074.jpg 768w, http:\/\/petrock.pl\/wp-content\/uploads\/2021\/10\/necro.jpg 1080w\" sizes=\"(max-width: 732px) 100vw, 732px\" \/><\/a><\/figure>\n<\/div>\n\n\n\n<div class=\"is-layout-flow wp-block-column\">\n<p>Wyst\u0105pi\u0105: PANDEMIC OUTBREAK, ABOMINATED, BAALBERITH&nbsp;<\/p>\n\n\n\n<p>Data: 13.11.2021<\/p>\n\n\n\n<p>Miejsce: Rock&#8217;69<\/p>\n\n\n\n<p>Start: 19:00<\/p>\n\n\n\n<p>Bilety: 25 PLN<\/p>\n\n\n\n<p>wi\u0119cej informacji: <a href=\"https:\/\/www.facebook.com\/events\/240626178000466\/?active_tab=discussion\" data-type=\"URL\" target=\"_blank\" rel=\"noreferrer noopener\">facebook<\/a><\/p>\n<\/div>\n<\/div>\n\n\n\n<div class=\"is-layout-flex wp-container-75 wp-block-columns\">\n<div class=\"is-layout-flow wp-block-column\">\n<figure class=\"wp-block-image size-large\"><a href=\"http:\/\/petrock.pl\/wp-content\/uploads\/2021\/10\/analogs.jpg\"><img decoding=\"async\" loading=\"lazy\" width=\"1024\" height=\"577\" src=\"http:\/\/petrock.pl\/wp-content\/uploads\/2021\/10\/analogs-1024x577.jpg\" alt=\"\" class=\"wp-image-3474\" srcset=\"http:\/\/petrock.pl\/wp-content\/uploads\/2021\/10\/analogs-1024x577.jpg 1024w, http:\/\/petrock.pl\/wp-content\/uploads\/2021\/10\/analogs-300x169.jpg 300w, http:\/\/petrock.pl\/wp-content\/uploads\/2021\/10\/analogs-768x433.jpg 768w, http:\/\/petrock.pl\/wp-content\/uploads\/2021\/10\/analogs-1536x865.jpg 1536w, http:\/\/petrock.pl\/wp-content\/uploads\/2021\/10\/analogs-678x381.jpg 678w, http:\/\/petrock.pl\/wp-content\/uploads\/2021\/10\/analogs.jpg 1640w\" sizes=\"(max-width: 1024px) 100vw, 1024px\" \/><\/a><\/figure>\n<\/div>\n\n\n\n<div class=\"is-layout-flow wp-block-column\">\n<p>Wyst\u0105pi\u0105: <strong>Analogs<\/strong><\/p>\n\n\n\n<p>Data: 23.10.2021 <\/p>\n\n\n\n<p>Miejsce: Rock&#8217;69<\/p>\n\n\n\n<p>Start: 20:00<\/p>\n\n\n\n<p>Bilety: 30\/40 PLN<\/p>\n\n\n\n<p>wi\u0119cej informacji: <a href=\"https:\/\/www.facebook.com\/events\/2662234667330362?ref=newsfeed\" data-type=\"URL\" data-id=\"https:\/\/www.facebook.com\/events\/2662234667330362?ref=newsfeed\" target=\"_blank\" rel=\"noreferrer noopener\">facebook<\/a><\/p>\n<\/div>\n<\/div>\n\n\n\n<div class=\"is-layout-flex wp-container-80 wp-block-columns\">\n<div class=\"is-layout-flow wp-block-column\">\n<figure class=\"is-layout-flex wp-block-gallery-76 wp-block-gallery has-nested-images columns-default is-cropped\">\n<figure class=\"wp-block-image size-large\"><a href=\"http:\/\/petrock.pl\/wp-content\/uploads\/2021\/09\/Concatenation.jpg\"><img decoding=\"async\" loading=\"lazy\" width=\"526\" height=\"702\" src=\"http:\/\/petrock.pl\/wp-content\/uploads\/2021\/09\/Concatenation.jpg\" alt=\"Concatenation, Kingdom 1.10.2021\" class=\"wp-image-3283\" srcset=\"http:\/\/petrock.pl\/wp-content\/uploads\/2021\/09\/Concatenation.jpg 526w, http:\/\/petrock.pl\/wp-content\/uploads\/2021\/09\/Concatenation-225x300.jpg 225w\" sizes=\"(max-width: 526px) 100vw, 526px\" \/><\/a><figcaption class=\"wp-element-caption\">Concatenation, Kingdom 1.10.2021<\/figcaption><\/figure>\n<\/figure>\n<\/div>\n\n\n\n<div class=\"is-layout-flow wp-block-column\">\n<p>Wyst\u0105pi\u0105: <strong>Concatenation, Kingdom<\/strong><\/p>\n\n\n\n<p>Data: 01.10.2021 <\/p>\n\n\n\n<p>Miejsce: Rock&#8217;69<\/p>\n\n\n\n<p>Start: 20:00<\/p>\n\n\n\n<p>Bilety: 25 PLN<\/p>\n\n\n\n<p>wi\u0119cej informacji: <a href=\"https:\/\/www.facebook.com\/events\/552602002524376\/?ref=newsfeed\" data-type=\"URL\" target=\"_blank\" rel=\"noreferrer noopener\">facebook<\/a><\/p>\n<\/div>\n<\/div>\n\n\n\n<div class=\"is-layout-flex wp-container-85 wp-block-columns\">\n<div class=\"is-layout-flow wp-block-column\">\n<figure class=\"is-layout-flex wp-block-gallery-81 wp-block-gallery has-nested-images columns-default is-cropped\">\n<figure class=\"wp-block-image size-large\"><a href=\"http:\/\/petrock.pl\/wp-content\/uploads\/2021\/09\/HC-12.jpg\"><img decoding=\"async\" loading=\"lazy\" width=\"727\" height=\"1024\" src=\"http:\/\/petrock.pl\/wp-content\/uploads\/2021\/09\/HC-12-727x1024.jpg\" alt=\"\" class=\"wp-image-3286\" srcset=\"http:\/\/petrock.pl\/wp-content\/uploads\/2021\/09\/HC-12-727x1024.jpg 727w, http:\/\/petrock.pl\/wp-content\/uploads\/2021\/09\/HC-12-213x300.jpg 213w, http:\/\/petrock.pl\/wp-content\/uploads\/2021\/09\/HC-12-768x1082.jpg 768w, http:\/\/petrock.pl\/wp-content\/uploads\/2021\/09\/HC-12.jpg 853w\" sizes=\"(max-width: 727px) 100vw, 727px\" \/><\/a><\/figure>\n<\/figure>\n<\/div>\n\n\n\n<div class=\"is-layout-flow wp-block-column\">\n<p>Wyst\u0105pi\u0105: <strong>Guantanamo Party Program, Wielki Las, Modernslave, Nic \u015amiesznego<\/strong><\/p>\n\n\n\n<p>Data: 25.09.2021 <\/p>\n\n\n\n<p>Miejsce: Rock&#8217;69<\/p>\n\n\n\n<p>Start: 19:00<\/p>\n\n\n\n<p>Bilety: 30 PLN<\/p>\n\n\n\n<p>wi\u0119cej informacji: <a href=\"https:\/\/www.facebook.com\/events\/2974653612812068?active_tab=about\" data-type=\"URL\" target=\"_blank\" rel=\"noreferrer noopener\">facebook<\/a><\/p>\n<\/div>\n<\/div>\n\n\n\n<div class=\"is-layout-flex wp-container-88 wp-block-columns\">\n<div class=\"is-layout-flow wp-block-column\">\n<figure class=\"wp-block-image size-large\"><a href=\"http:\/\/petrock.pl\/wp-content\/uploads\/2021\/07\/Old-Crone.jpg\"><img decoding=\"async\" loading=\"lazy\" width=\"1024\" height=\"517\" src=\"http:\/\/petrock.pl\/wp-content\/uploads\/2021\/07\/Old-Crone-1024x517.jpg\" alt=\"Old Crone, 27.08.2021\" class=\"wp-image-3075\" srcset=\"http:\/\/petrock.pl\/wp-content\/uploads\/2021\/07\/Old-Crone-1024x517.jpg 1024w, http:\/\/petrock.pl\/wp-content\/uploads\/2021\/07\/Old-Crone-300x151.jpg 300w, http:\/\/petrock.pl\/wp-content\/uploads\/2021\/07\/Old-Crone-768x387.jpg 768w, http:\/\/petrock.pl\/wp-content\/uploads\/2021\/07\/Old-Crone-1536x775.jpg 1536w, http:\/\/petrock.pl\/wp-content\/uploads\/2021\/07\/Old-Crone.jpg 2048w\" sizes=\"(max-width: 1024px) 100vw, 1024px\" \/><\/a><\/figure>\n<\/div>\n\n\n\n<div class=\"is-layout-flow wp-block-column\">\n<p>Wyst\u0105pi\u0105: <strong>The Old Crone<\/strong><\/p>\n\n\n\n<p>Data: 27.08.2021<\/p>\n\n\n\n<p>Miejsce: Rock&#8217;69<\/p>\n\n\n\n<p>Start: 20:00<\/p>\n\n\n\n<p>Bilety: 20 PLN<\/p>\n\n\n\n<p>wi\u0119cej informacji: <a href=\"https:\/\/www.facebook.com\/events\/366040408276454?ref=newsfeed\" data-type=\"URL\" data-id=\"https:\/\/www.facebook.com\/events\/366040408276454?ref=newsfeed\" target=\"_blank\" rel=\"noreferrer noopener\">facebook<\/a><\/p>\n<\/div>\n<\/div>\n\n\n\n<div class=\"is-layout-flex wp-container-93 wp-block-columns\">\n<div class=\"is-layout-flow wp-block-column\">\n<figure class=\"is-layout-flex wp-block-gallery-89 wp-block-gallery has-nested-images columns-default is-cropped\">\n<figure class=\"wp-block-image size-large\"><a href=\"http:\/\/petrock.pl\/wp-content\/uploads\/2021\/07\/Leshy-koncert.jpg\"><img decoding=\"async\" loading=\"lazy\" width=\"1024\" height=\"585\" src=\"http:\/\/petrock.pl\/wp-content\/uploads\/2021\/07\/Leshy-koncert-1024x585.jpg\" alt=\"Leshy\" class=\"wp-image-3083\" srcset=\"http:\/\/petrock.pl\/wp-content\/uploads\/2021\/07\/Leshy-koncert-1024x585.jpg 1024w, http:\/\/petrock.pl\/wp-content\/uploads\/2021\/07\/Leshy-koncert-300x172.jpg 300w, http:\/\/petrock.pl\/wp-content\/uploads\/2021\/07\/Leshy-koncert-768x439.jpg 768w, http:\/\/petrock.pl\/wp-content\/uploads\/2021\/07\/Leshy-koncert.jpg 1158w\" sizes=\"(max-width: 1024px) 100vw, 1024px\" \/><\/a><figcaption class=\"wp-element-caption\">Leshy<\/figcaption><\/figure>\n<\/figure>\n<\/div>\n\n\n\n<div class=\"is-layout-flow wp-block-column\">\n<p>Wyst\u0105pi\u0105: <strong>Leshy<\/strong><\/p>\n\n\n\n<p>Data: 13.08.2021<\/p>\n\n\n\n<p>Miejsce: Rock&#8217;69<\/p>\n\n\n\n<p>Start: 19:00<\/p>\n\n\n\n<p>Bilety cegie\u0142ki: 20 PLN<\/p>\n\n\n\n<p>wi\u0119cej informacji: <a href=\"https:\/\/www.facebook.com\/events\/343322150573973?ref=newsfeed\" data-type=\"URL\" data-id=\"https:\/\/www.facebook.com\/events\/343322150573973?ref=newsfeed\" target=\"_blank\" rel=\"noreferrer noopener\">facebook<\/a><\/p>\n<\/div>\n<\/div>\n\n\n\n<div class=\"is-layout-flex wp-container-96 wp-block-columns\">\n<div class=\"is-layout-flow wp-block-column\">\n<figure class=\"wp-block-image size-large\"><a href=\"http:\/\/petrock.pl\/wp-content\/uploads\/2021\/07\/concatenation.jpg\"><img decoding=\"async\" loading=\"lazy\" width=\"773\" height=\"1024\" src=\"http:\/\/petrock.pl\/wp-content\/uploads\/2021\/07\/concatenation-773x1024.jpg\" alt=\"\" class=\"wp-image-3164\" srcset=\"http:\/\/petrock.pl\/wp-content\/uploads\/2021\/07\/concatenation-773x1024.jpg 773w, http:\/\/petrock.pl\/wp-content\/uploads\/2021\/07\/concatenation-227x300.jpg 227w, http:\/\/petrock.pl\/wp-content\/uploads\/2021\/07\/concatenation-768x1017.jpg 768w, http:\/\/petrock.pl\/wp-content\/uploads\/2021\/07\/concatenation.jpg 1080w\" sizes=\"(max-width: 773px) 100vw, 773px\" \/><\/a><\/figure>\n<\/div>\n\n\n\n<div class=\"is-layout-flow wp-block-column\">\n<p>Wyst\u0105pi\u0105: <strong>Concatenation, Prey Of Monsoon<\/strong><\/p>\n\n\n\n<p>Data: 07.08.2021<\/p>\n\n\n\n<p>Miejsce: Rock&#8217;69<\/p>\n\n\n\n<p>Start: 19:00<\/p>\n\n\n\n<p>Bilety: 20 PLN<\/p>\n\n\n\n<p>wi\u0119cej informacji: <a href=\"https:\/\/www.facebook.com\/events\/503664224045266\" data-type=\"URL\" data-id=\"https:\/\/www.facebook.com\/events\/503664224045266\" target=\"_blank\" rel=\"noreferrer noopener\">facebook<\/a><\/p>\n<\/div>\n<\/div>\n\n\n\n<div class=\"is-layout-flex wp-container-99 wp-block-columns\">\n<div class=\"is-layout-flow wp-block-column\">\n<figure class=\"wp-block-image size-large\"><a href=\"http:\/\/petrock.pl\/wp-content\/uploads\/2021\/07\/HC-Punk-11.jpg\"><img decoding=\"async\" loading=\"lazy\" width=\"727\" height=\"1024\" src=\"http:\/\/petrock.pl\/wp-content\/uploads\/2021\/07\/HC-Punk-11-727x1024.jpg\" alt=\"\" class=\"wp-image-3086\" srcset=\"http:\/\/petrock.pl\/wp-content\/uploads\/2021\/07\/HC-Punk-11-727x1024.jpg 727w, http:\/\/petrock.pl\/wp-content\/uploads\/2021\/07\/HC-Punk-11-213x300.jpg 213w, http:\/\/petrock.pl\/wp-content\/uploads\/2021\/07\/HC-Punk-11-768x1082.jpg 768w, http:\/\/petrock.pl\/wp-content\/uploads\/2021\/07\/HC-Punk-11.jpg 853w\" sizes=\"(max-width: 727px) 100vw, 727px\" \/><\/a><\/figure>\n<\/div>\n\n\n\n<div class=\"is-layout-flow wp-block-column\">\n<p>Wyst\u0105pi\u0105: <strong>Moira, Be\u0142kot, Parh<\/strong><\/p>\n\n\n\n<p>Data: 24.07.2021<\/p>\n\n\n\n<p>Miejsce: Rock&#8217;69<\/p>\n\n\n\n<p>Start: 19:00<\/p>\n\n\n\n<p>Bilety cegie\u0142ki: 25 PLN<\/p>\n\n\n\n<p>wi\u0119cej informacji: <a href=\"https:\/\/www.facebook.com\/events\/233325604797657?active_tab=about\" data-type=\"URL\" data-id=\"https:\/\/www.facebook.com\/events\/233325604797657?active_tab=about\" target=\"_blank\" rel=\"noreferrer noopener\">facebook<\/a><\/p>\n<\/div>\n<\/div>\n\n\n\n<div class=\"is-layout-flex wp-container-102 wp-block-columns\">\n<div class=\"is-layout-flow wp-block-column\">\n<figure class=\"wp-block-image size-large is-style-default\"><a href=\"http:\/\/petrock.pl\/wp-content\/uploads\/2021\/06\/vataha-euforia-1.jpg\"><img decoding=\"async\" loading=\"lazy\" width=\"1024\" height=\"628\" src=\"http:\/\/petrock.pl\/wp-content\/uploads\/2021\/06\/vataha-euforia-1-1024x628.jpg\" alt=\"\" class=\"wp-image-3028\" srcset=\"http:\/\/petrock.pl\/wp-content\/uploads\/2021\/06\/vataha-euforia-1-1024x628.jpg 1024w, http:\/\/petrock.pl\/wp-content\/uploads\/2021\/06\/vataha-euforia-1-300x184.jpg 300w, http:\/\/petrock.pl\/wp-content\/uploads\/2021\/06\/vataha-euforia-1-768x471.jpg 768w, http:\/\/petrock.pl\/wp-content\/uploads\/2021\/06\/vataha-euforia-1-1536x942.jpg 1536w, http:\/\/petrock.pl\/wp-content\/uploads\/2021\/06\/vataha-euforia-1.jpg 2048w\" sizes=\"(max-width: 1024px) 100vw, 1024px\" \/><\/a><\/figure>\n<\/div>\n\n\n\n<div class=\"is-layout-flow wp-block-column\">\n<p>Wyst\u0105pi\u0105: <strong>Euforia, Vataha&nbsp;<\/strong><\/p>\n\n\n\n<p>Data: 16.07.2021<\/p>\n\n\n\n<p>Miejsce: Rock&#8217;69<\/p>\n\n\n\n<p>Start: 19:00<\/p>\n\n\n\n<p>Bilety : 20 PLN<\/p>\n\n\n\n<p>wi\u0119cej informacji: <a rel=\"noreferrer noopener\" href=\"https:\/\/www.facebook.com\/events\/1734638063411822?ref=newsfeed\" data-type=\"URL\" data-id=\"https:\/\/www.facebook.com\/events\/1734638063411822?ref=newsfeed\" target=\"_blank\">facebook<\/a><\/p>\n<\/div>\n<\/div>\n\n\n\n<div class=\"is-layout-flex wp-container-105 wp-block-columns\">\n<div class=\"is-layout-flow wp-block-column\">\n<figure class=\"wp-block-image size-large\"><a href=\"http:\/\/petrock.pl\/wp-content\/uploads\/2021\/06\/10.07.2021-1.jpg\"><img decoding=\"async\" loading=\"lazy\" width=\"820\" height=\"360\" src=\"http:\/\/petrock.pl\/wp-content\/uploads\/2021\/06\/10.07.2021-1.jpg\" alt=\"\" class=\"wp-image-3014\" srcset=\"http:\/\/petrock.pl\/wp-content\/uploads\/2021\/06\/10.07.2021-1.jpg 820w, http:\/\/petrock.pl\/wp-content\/uploads\/2021\/06\/10.07.2021-1-300x132.jpg 300w, http:\/\/petrock.pl\/wp-content\/uploads\/2021\/06\/10.07.2021-1-768x337.jpg 768w\" sizes=\"(max-width: 820px) 100vw, 820px\" \/><\/a><\/figure>\n<\/div>\n\n\n\n<div class=\"is-layout-flow wp-block-column\">\n<p>Wyst\u0105pi\u0105: <strong>Last Penance, Pale Path, Six Steps Forward<\/strong><\/p>\n\n\n\n<p>Data: 10.07.2021<\/p>\n\n\n\n<p>Miejsce: Rock&#8217;69<\/p>\n\n\n\n<p>Start: 19:00<\/p>\n\n\n\n<p>Bilety cegie\u0142ki: 30 PLN<\/p>\n\n\n\n<p>wi\u0119cej informacji: <a rel=\"noreferrer noopener\" href=\"https:\/\/www.facebook.com\/events\/819060402346210?ref=newsfeed\" data-type=\"URL\" data-id=\"https:\/\/www.facebook.com\/events\/819060402346210?ref=newsfeed\" target=\"_blank\">facebook<\/a><\/p>\n<\/div>\n<\/div>\n\n\n\n<div class=\"is-layout-flex wp-container-108 wp-block-columns\">\n<div class=\"is-layout-flow wp-block-column\">\n<figure class=\"wp-block-image size-large is-style-default\"><a href=\"http:\/\/petrock.pl\/wp-content\/uploads\/2021\/06\/11111111111-1.jpg\"><img decoding=\"async\" loading=\"lazy\" width=\"724\" height=\"1024\" src=\"http:\/\/petrock.pl\/wp-content\/uploads\/2021\/06\/11111111111-1-724x1024.jpg\" alt=\"\" class=\"wp-image-3024\" srcset=\"http:\/\/petrock.pl\/wp-content\/uploads\/2021\/06\/11111111111-1-724x1024.jpg 724w, http:\/\/petrock.pl\/wp-content\/uploads\/2021\/06\/11111111111-1-212x300.jpg 212w, http:\/\/petrock.pl\/wp-content\/uploads\/2021\/06\/11111111111-1-768x1086.jpg 768w, http:\/\/petrock.pl\/wp-content\/uploads\/2021\/06\/11111111111-1-1086x1536.jpg 1086w, http:\/\/petrock.pl\/wp-content\/uploads\/2021\/06\/11111111111-1.jpg 1448w\" sizes=\"(max-width: 724px) 100vw, 724px\" \/><\/a><\/figure>\n<\/div>\n\n\n\n<div class=\"is-layout-flow wp-block-column\">\n<p>Wyst\u0105pi\u0105: <strong>Reszta Pokolenia<\/strong><\/p>\n\n\n\n<p>Data: 26.06.2021<\/p>\n\n\n\n<p>Miejsce: Rock&#8217;69<\/p>\n\n\n\n<p>Bilety cegie\u0142ki: 15 PLN<\/p>\n\n\n\n<p>wi\u0119cej informacji: <a href=\"https:\/\/www.facebook.com\/profile.php?id=100001101992948\" data-type=\"URL\" data-id=\"https:\/\/www.facebook.com\/profile.php?id=100001101992948\" target=\"_blank\" rel=\"noreferrer noopener\">facebook<\/a><\/p>\n\n\n\n<p>Start: 19:00<\/p>\n<\/div>\n<\/div>\n\n\n\n<div class=\"is-layout-flex wp-container-111 wp-block-columns\">\n<div class=\"is-layout-flow wp-block-column\">\n<figure class=\"wp-block-image size-large is-style-default\"><a href=\"http:\/\/petrock.pl\/wp-content\/uploads\/2021\/05\/koncert-hc-punk-10.jpg\"><img decoding=\"async\" loading=\"lazy\" width=\"736\" height=\"1024\" src=\"http:\/\/petrock.pl\/wp-content\/uploads\/2021\/05\/koncert-hc-punk-10-736x1024.jpg\" alt=\"\" class=\"wp-image-2965\" srcset=\"http:\/\/petrock.pl\/wp-content\/uploads\/2021\/05\/koncert-hc-punk-10-736x1024.jpg 736w, http:\/\/petrock.pl\/wp-content\/uploads\/2021\/05\/koncert-hc-punk-10-216x300.jpg 216w, http:\/\/petrock.pl\/wp-content\/uploads\/2021\/05\/koncert-hc-punk-10-768x1068.jpg 768w, http:\/\/petrock.pl\/wp-content\/uploads\/2021\/05\/koncert-hc-punk-10.jpg 842w\" sizes=\"(max-width: 736px) 100vw, 736px\" \/><\/a><\/figure>\n<\/div>\n\n\n\n<div class=\"is-layout-flow wp-block-column\">\n<p>Wyst\u0105pi\u0105: <strong>Skorupa, KMKZ, Zdziry&nbsp;<\/strong><\/p>\n\n\n\n<p>Data: 19.06.2021<\/p>\n\n\n\n<p>Miejsce: Rock&#8217;69<\/p>\n\n\n\n<p>Start: 19:00<\/p>\n\n\n\n<p>Bilety cegie\u0142ki: 25 PLN<\/p>\n\n\n\n<p>wi\u0119cej informacji: <a rel=\"noreferrer noopener\" href=\"https:\/\/www.facebook.com\/events\/294128112350337\/?acontext=%7B%22event_action_history%22%3A[%7B%22mechanism%22%3A%22search_results%22%2C%22surface%22%3A%22search%22%7D]%7D\" data-type=\"URL\" data-id=\"https:\/\/www.facebook.com\/events\/294128112350337\/?acontext=%7B%22event_action_history%22%3A[%7B%22mechanism%22%3A%22search_results%22%2C%22surface%22%3A%22search%22%7D]%7D\" target=\"_blank\">facebook<\/a><\/p>\n<\/div>\n<\/div>\n\n\n\n<div class=\"is-layout-flex wp-container-114 wp-block-columns\">\n<div class=\"is-layout-flow wp-block-column\">\n<figure class=\"wp-block-image size-large is-style-default\"><a href=\"http:\/\/petrock.pl\/wp-content\/uploads\/2021\/05\/koncert.jpg\"><img decoding=\"async\" loading=\"lazy\" width=\"1024\" height=\"536\" src=\"http:\/\/petrock.pl\/wp-content\/uploads\/2021\/05\/koncert-1024x536.jpg\" alt=\"\" class=\"wp-image-2959\" srcset=\"http:\/\/petrock.pl\/wp-content\/uploads\/2021\/05\/koncert-1024x536.jpg 1024w, http:\/\/petrock.pl\/wp-content\/uploads\/2021\/05\/koncert-300x157.jpg 300w, http:\/\/petrock.pl\/wp-content\/uploads\/2021\/05\/koncert-768x402.jpg 768w, http:\/\/petrock.pl\/wp-content\/uploads\/2021\/05\/koncert.jpg 1200w\" sizes=\"(max-width: 1024px) 100vw, 1024px\" \/><\/a><\/figure>\n<\/div>\n\n\n\n<div class=\"is-layout-flow wp-block-column\">\n<p>Wyst\u0105pi\u0105: <strong>Schrottersburg<\/strong><\/p>\n\n\n\n<p>Data: 12.06.2021<\/p>\n\n\n\n<p>Miejsce: Rock&#8217;69<\/p>\n\n\n\n<p>Start: 20:00<\/p>\n\n\n\n<p>Bilety: 20 PLN<\/p>\n\n\n\n<p>wi\u0119cej informacji: <a rel=\"noreferrer noopener\" href=\"https:\/\/www.facebook.com\/events\/487765445702089?acontext=%7B%22event_action_history%22%3A[%7B%22mechanism%22%3A%22search_results%22%2C%22surface%22%3A%22search%22%7D]%7D\" data-type=\"URL\" data-id=\"https:\/\/www.facebook.com\/events\/487765445702089?acontext=%7B%22event_action_history%22%3A[%7B%22mechanism%22%3A%22search_results%22%2C%22surface%22%3A%22search%22%7D]%7D\" target=\"_blank\">facebook<\/a><\/p>\n\n\n\n<hr class=\"wp-block-separator has-css-opacity\"\/>\n<\/div>\n<\/div>\n\n\n\n<div class=\"wp-block-media-text alignwide is-stacked-on-mobile\"><figure class=\"wp-block-media-text__media\"><img decoding=\"async\" loading=\"lazy\" width=\"724\" height=\"1024\" src=\"http:\/\/petrock.pl\/wp-content\/uploads\/2020\/09\/dla-zosi-i-724x1024.jpg\" alt=\"\" class=\"wp-image-1541 size-full\" srcset=\"http:\/\/petrock.pl\/wp-content\/uploads\/2020\/09\/dla-zosi-i-724x1024.jpg 724w, http:\/\/petrock.pl\/wp-content\/uploads\/2020\/09\/dla-zosi-i-212x300.jpg 212w, http:\/\/petrock.pl\/wp-content\/uploads\/2020\/09\/dla-zosi-i-768x1086.jpg 768w, http:\/\/petrock.pl\/wp-content\/uploads\/2020\/09\/dla-zosi-i-1086x1536.jpg 1086w, http:\/\/petrock.pl\/wp-content\/uploads\/2020\/09\/dla-zosi-i.jpg 1425w\" sizes=\"(max-width: 724px) 100vw, 724px\" \/><\/figure><div class=\"wp-block-media-text__content\">\n<p>Wyst\u0105pi\u0105: <strong>Euforia, The Grandfather<\/strong><\/p>\n\n\n\n<p>Data: 19.09.2020<\/p>\n\n\n\n<p>Miejsce: Rock&#8217;69<\/p>\n\n\n\n<p>Start: 20:00<\/p>\n\n\n\n<p>Bilety cegie\u0142ki: 15 PLN<\/p>\n\n\n\n<p>wi\u0119cej informacji: <a href=\"https:\/\/www.facebook.com\/events\/347175643089831\/?acontext=%7B%22event_action_history%22%3A[%7B%22mechanism%22%3A%22search_results%22%2C%22surface%22%3A%22search%22%7D]%7D\" target=\"_blank\" rel=\"noreferrer noopener\">facebook<\/a><\/p>\n<\/div><\/div>\n\n\n\n<div class=\"wp-block-media-text alignwide is-stacked-on-mobile\"><figure class=\"wp-block-media-text__media\"><img decoding=\"async\" loading=\"lazy\" width=\"726\" height=\"1024\" src=\"http:\/\/petrock.pl\/wp-content\/uploads\/2020\/09\/farben-726x1024.jpg\" alt=\"\" class=\"wp-image-1486 size-full\" srcset=\"http:\/\/petrock.pl\/wp-content\/uploads\/2020\/09\/farben-726x1024.jpg 726w, http:\/\/petrock.pl\/wp-content\/uploads\/2020\/09\/farben-213x300.jpg 213w, http:\/\/petrock.pl\/wp-content\/uploads\/2020\/09\/farben-768x1084.jpg 768w, http:\/\/petrock.pl\/wp-content\/uploads\/2020\/09\/farben.jpg 1000w\" sizes=\"(max-width: 726px) 100vw, 726px\" \/><\/figure><div class=\"wp-block-media-text__content\">\n<p>Wyst\u0105pi\u0105: <strong>Farben Lehre, Konkubent<\/strong><\/p>\n\n\n\n<p>Data: 28.08.2020<\/p>\n\n\n\n<p>Miejsce: Rock&#8217;69<\/p>\n\n\n\n<p>Start: 20:00<\/p>\n\n\n\n<p>Bilety: 30\/40 PLN<\/p>\n\n\n\n<p>wi\u0119cej informacji: <a href=\"https:\/\/www.facebook.com\/events\/1633532196805219\/?active_tab=about\" target=\"_blank\" rel=\"noreferrer noopener\">facebook<\/a><\/p>\n<\/div><\/div>\n\n\n\n<hr class=\"wp-block-separator has-css-opacity\"\/>\n\n\n\n<div class=\"wp-block-media-text alignwide is-stacked-on-mobile\" style=\"grid-template-columns:42% auto\"><figure class=\"wp-block-media-text__media\"><img decoding=\"async\" loading=\"lazy\" width=\"576\" height=\"1024\" src=\"http:\/\/petrock.pl\/wp-content\/uploads\/2020\/07\/107753668_276744030225627_5787721600407934139_n-1-576x1024.jpg\" alt=\"\" class=\"wp-image-956 size-full\" srcset=\"http:\/\/petrock.pl\/wp-content\/uploads\/2020\/07\/107753668_276744030225627_5787721600407934139_n-1-576x1024.jpg 576w, http:\/\/petrock.pl\/wp-content\/uploads\/2020\/07\/107753668_276744030225627_5787721600407934139_n-1-169x300.jpg 169w, http:\/\/petrock.pl\/wp-content\/uploads\/2020\/07\/107753668_276744030225627_5787721600407934139_n-1.jpg 720w\" sizes=\"(max-width: 576px) 100vw, 576px\" \/><\/figure><div class=\"wp-block-media-text__content\">\n<p>Wyst\u0105pili: <strong>Schr\u00f6ttersburg<\/strong><\/p>\n\n\n\n<p>Data: 07.08.2020<\/p>\n\n\n\n<p>Miejsce: Rock&#8217;69<\/p>\n\n\n\n<p>Start: 20:00<\/p>\n\n\n\n<p>Bilety: 15 PLN<\/p>\n\n\n\n<p>wi\u0119cej informacji: <a href=\"https:\/\/www.facebook.com\/events\/897394904115003\/\" target=\"_blank\" rel=\"noreferrer noopener\">facebook<\/a><\/p>\n<\/div><\/div>\n\n\n\n<hr class=\"wp-block-separator has-css-opacity\"\/>\n\n\n\n<div class=\"wp-block-media-text alignwide is-stacked-on-mobile\" style=\"grid-template-columns:41% auto\"><figure class=\"wp-block-media-text__media\"><img decoding=\"async\" loading=\"lazy\" width=\"1024\" height=\"528\" src=\"http:\/\/petrock.pl\/wp-content\/uploads\/2020\/07\/108877946_3276299089079711_2381884833602679562_o-1024x528.jpg\" alt=\"\" class=\"wp-image-1154 size-full\" srcset=\"http:\/\/petrock.pl\/wp-content\/uploads\/2020\/07\/108877946_3276299089079711_2381884833602679562_o-1024x528.jpg 1024w, http:\/\/petrock.pl\/wp-content\/uploads\/2020\/07\/108877946_3276299089079711_2381884833602679562_o-300x155.jpg 300w, http:\/\/petrock.pl\/wp-content\/uploads\/2020\/07\/108877946_3276299089079711_2381884833602679562_o-768x396.jpg 768w, http:\/\/petrock.pl\/wp-content\/uploads\/2020\/07\/108877946_3276299089079711_2381884833602679562_o-1536x792.jpg 1536w, http:\/\/petrock.pl\/wp-content\/uploads\/2020\/07\/108877946_3276299089079711_2381884833602679562_o.jpg 1920w\" sizes=\"(max-width: 1024px) 100vw, 1024px\" \/><\/figure><div class=\"wp-block-media-text__content\">\n<p>Wyst\u0105pili: <strong>The Old Crone, Reszta Pokolenia<\/strong><\/p>\n\n\n\n<p>Data: 01.08.2020<\/p>\n\n\n\n<p>Miejsce: boisko przy POKiS<\/p>\n\n\n\n<p>Start: 18:00<\/p>\n\n\n\n<p>Bilety: wej\u015bcie za FREE<\/p>\n\n\n\n<p>wi\u0119cej informacji: <a rel=\"noreferrer noopener\" href=\"https:\/\/www.facebook.com\/events\/1166617557034396\/\" target=\"_blank\">facebook<\/a><\/p>\n<\/div><\/div>\n\n\n\n<hr class=\"wp-block-separator has-css-opacity\"\/>\n\n\n\n<div class=\"wp-block-media-text alignwide is-stacked-on-mobile\" style=\"grid-template-columns:41% auto\"><figure class=\"wp-block-media-text__media\"><img decoding=\"async\" loading=\"lazy\" width=\"729\" height=\"1024\" src=\"http:\/\/petrock.pl\/wp-content\/uploads\/2020\/07\/109164864_10217827637935144_3355589175563030376_o-1-729x1024.jpg\" alt=\"\" class=\"wp-image-1160 size-full\" srcset=\"http:\/\/petrock.pl\/wp-content\/uploads\/2020\/07\/109164864_10217827637935144_3355589175563030376_o-1-729x1024.jpg 729w, http:\/\/petrock.pl\/wp-content\/uploads\/2020\/07\/109164864_10217827637935144_3355589175563030376_o-1-213x300.jpg 213w, http:\/\/petrock.pl\/wp-content\/uploads\/2020\/07\/109164864_10217827637935144_3355589175563030376_o-1-768x1079.jpg 768w, http:\/\/petrock.pl\/wp-content\/uploads\/2020\/07\/109164864_10217827637935144_3355589175563030376_o-1-1093x1536.jpg 1093w, http:\/\/petrock.pl\/wp-content\/uploads\/2020\/07\/109164864_10217827637935144_3355589175563030376_o-1.jpg 1366w\" sizes=\"(max-width: 729px) 100vw, 729px\" \/><\/figure><div class=\"wp-block-media-text__content\">\n<p>Wyst\u0105pili: <strong>Embitter, THRT<\/strong><\/p>\n\n\n\n<p>Data: 31.07.2020<\/p>\n\n\n\n<p>Miejsce: Rock&#8217;69<\/p>\n\n\n\n<p>Start: 19:00<\/p>\n\n\n\n<p>wi\u0119cej informacji: <a href=\"https:\/\/www.facebook.com\/events\/740332186777641\/?active_tab=about\" target=\"_blank\" rel=\"noreferrer noopener\">facebook<\/a><\/p>\n\n\n\n<p>Bilety: 20 PLN<\/p>\n<\/div><\/div>\n\n\n\n<hr class=\"wp-block-separator has-css-opacity\"\/>\n\n\n\n<div class=\"wp-block-media-text alignwide is-stacked-on-mobile\" style=\"grid-template-columns:42% auto\"><figure class=\"wp-block-media-text__media\"><img decoding=\"async\" loading=\"lazy\" width=\"1024\" height=\"483\" src=\"http:\/\/petrock.pl\/wp-content\/uploads\/2020\/07\/109109911_3707710269256538_3410584912325141954_o-1-1024x483.jpg\" alt=\"\" class=\"wp-image-1156 size-full\" srcset=\"http:\/\/petrock.pl\/wp-content\/uploads\/2020\/07\/109109911_3707710269256538_3410584912325141954_o-1-1024x483.jpg 1024w, http:\/\/petrock.pl\/wp-content\/uploads\/2020\/07\/109109911_3707710269256538_3410584912325141954_o-1-300x142.jpg 300w, http:\/\/petrock.pl\/wp-content\/uploads\/2020\/07\/109109911_3707710269256538_3410584912325141954_o-1-768x362.jpg 768w, http:\/\/petrock.pl\/wp-content\/uploads\/2020\/07\/109109911_3707710269256538_3410584912325141954_o-1-1536x725.jpg 1536w, http:\/\/petrock.pl\/wp-content\/uploads\/2020\/07\/109109911_3707710269256538_3410584912325141954_o-1.jpg 2048w\" sizes=\"(max-width: 1024px) 100vw, 1024px\" \/><\/figure><div class=\"wp-block-media-text__content\">\n<p>Wyst\u0105pili: <strong>Farben Lehre, Proletariat, Prawda<\/strong><\/p>\n\n\n\n<p>Data: 26.07.2020<\/p>\n\n\n\n<p>Miejsce: Bulwary Wi\u015blane w P\u0142ocku<\/p>\n\n\n\n<p>Start: 16:00<\/p>\n\n\n\n<p>Bilety: wej\u015bcie za FREE<\/p>\n\n\n\n<p>wi\u0119cej informacji: <a href=\"https:\/\/www.facebook.com\/events\/768455587293690\/\" target=\"_blank\" rel=\"noreferrer noopener\">facebook<\/a><\/p>\n<\/div><\/div>\n\n\n\n<hr class=\"wp-block-separator has-css-opacity\"\/>\n\n\n\n<div class=\"is-layout-flex wp-container-119 wp-block-columns\">\n<div class=\"is-layout-flow wp-block-column\" style=\"flex-basis:33.33%\">\n<figure class=\"is-layout-flex wp-block-gallery-115 wp-block-gallery has-nested-images columns-default is-cropped\">\n<figure class=\"wp-block-image size-large\"><img decoding=\"async\" loading=\"lazy\" width=\"948\" height=\"960\" src=\"http:\/\/petrock.pl\/wp-content\/uploads\/2020\/06\/105848094_3627704640582922_5825746591649157070_n.jpg\" alt=\"\" class=\"wp-image-629\" srcset=\"http:\/\/petrock.pl\/wp-content\/uploads\/2020\/06\/105848094_3627704640582922_5825746591649157070_n.jpg 948w, http:\/\/petrock.pl\/wp-content\/uploads\/2020\/06\/105848094_3627704640582922_5825746591649157070_n-296x300.jpg 296w, http:\/\/petrock.pl\/wp-content\/uploads\/2020\/06\/105848094_3627704640582922_5825746591649157070_n-768x778.jpg 768w\" sizes=\"(max-width: 948px) 100vw, 948px\" \/><\/figure>\n<\/figure>\n<\/div>\n\n\n\n<div class=\"is-layout-flow wp-block-column\" style=\"flex-basis:66.66%\">\n<p>Wyst\u0105pili: <strong>Vataha, Euforia<\/strong><\/p>\n\n\n\n<p>Data: 17.07.2020<\/p>\n\n\n\n<p>Miejsce: dziedziniec Centrum Kultury i Sportu w Radzanowie<\/p>\n\n\n\n<p>Start: 19:00<\/p>\n\n\n\n<p>Bilety: zaproszenia, kt\u00f3re mo\u017cna otrzyma\u0107 za darmo wysy\u0142aj\u0105c wiadomo\u015b\u0107 poprzez FB zespo\u0142\u00f3w<\/p>\n\n\n\n<hr class=\"wp-block-separator has-css-opacity\"\/>\n<\/div>\n<\/div>\n\n\n\n<div class=\"is-layout-flex wp-container-124 wp-block-columns\">\n<div class=\"is-layout-flow wp-block-column\" style=\"flex-basis:33.33%\">\n<figure class=\"is-layout-flex wp-block-gallery-120 wp-block-gallery has-nested-images columns-default is-cropped\">\n<figure class=\"wp-block-image size-large\"><img decoding=\"async\" loading=\"lazy\" width=\"1024\" height=\"683\" src=\"http:\/\/petrock.pl\/wp-content\/uploads\/2020\/07\/32336668_873578929500312_120396866838855680_o-1-1024x683.jpg\" alt=\"\" class=\"wp-image-812\" srcset=\"http:\/\/petrock.pl\/wp-content\/uploads\/2020\/07\/32336668_873578929500312_120396866838855680_o-1-1024x683.jpg 1024w, http:\/\/petrock.pl\/wp-content\/uploads\/2020\/07\/32336668_873578929500312_120396866838855680_o-1-300x200.jpg 300w, http:\/\/petrock.pl\/wp-content\/uploads\/2020\/07\/32336668_873578929500312_120396866838855680_o-1-768x512.jpg 768w, http:\/\/petrock.pl\/wp-content\/uploads\/2020\/07\/32336668_873578929500312_120396866838855680_o-1-1536x1024.jpg 1536w, http:\/\/petrock.pl\/wp-content\/uploads\/2020\/07\/32336668_873578929500312_120396866838855680_o-1.jpg 2048w\" sizes=\"(max-width: 1024px) 100vw, 1024px\" \/><\/figure>\n<\/figure>\n<\/div>\n\n\n\n<div class=\"is-layout-flow wp-block-column\" style=\"flex-basis:66.66%\">\n<p>Wyst\u0105pili: <strong>Parh<\/strong><\/p>\n\n\n\n<p>Data: 10.07.2020<\/p>\n\n\n\n<p>Miejsce: Rock&#8217;69<\/p>\n\n\n\n<p>Start: 20:00<\/p>\n\n\n\n<p>Bilety: 10 PLN<\/p>\n<\/div>\n<\/div>\n\n\n\n<p><\/p>\n","protected":false},"excerpt":{"rendered":"<div class=\"mh-excerpt\"><p>Nadchodz\u0105ce koncerty: Wyst\u0105pi\u0105: Leshy Data: 16.09.2023 Miejsce: Rock&#8217;69 Start: 20:00 Bilety: 30 PLN w przedsprzeda\u017cy\/40 PLN w dniu koncertu wi\u0119cej informacji: facebook Wyst\u0105pi\u0105: Wojtek Mozalewski <a class=\"mh-excerpt-more\" href=\"http:\/\/petrock.pl\/?page_id=628\" title=\"Koncerty\">[&#8230;]<\/a><\/p>\n<\/div>","protected":false},"author":7,"featured_media":1154,"parent":0,"menu_order":0,"comment_status":"closed","ping_status":"closed","template":"","meta":[],"yoast_head":"<!-- This site is optimized with the Yoast SEO plugin v21.1 - https:\/\/yoast.com\/wordpress\/plugins\/seo\/ -->\n<title>Koncerty - P\u0142ocka Scena Rockowa<\/title>\n<meta name=\"robots\" content=\"index, follow, max-snippet:-1, max-image-preview:large, max-video-preview:-1\" \/>\n<link rel=\"canonical\" href=\"https:\/\/petrock.pl\/?page_id=628\" \/>\n<meta property=\"og:locale\" content=\"pl_PL\" \/>\n<meta property=\"og:type\" content=\"article\" \/>\n<meta property=\"og:title\" content=\"Koncerty - P\u0142ocka Scena Rockowa\" \/>\n<meta property=\"og:description\" content=\"Nadchodz\u0105ce koncerty: Wyst\u0105pi\u0105: Leshy Data: 16.09.2023 Miejsce: Rock&#8217;69 Start: 20:00 Bilety: 30 PLN w przedsprzeda\u017cy\/40 PLN w dniu koncertu wi\u0119cej informacji: facebook Wyst\u0105pi\u0105: Wojtek Mozalewski [...]\" \/>\n<meta property=\"og:url\" content=\"https:\/\/petrock.pl\/?page_id=628\" \/>\n<meta property=\"og:site_name\" content=\"P\u0142ocka Scena Rockowa\" \/>\n<meta property=\"article:modified_time\" content=\"2023-09-08T11:13:53+00:00\" \/>\n<meta property=\"og:image\" content=\"http:\/\/petrock.pl\/wp-content\/uploads\/2020\/07\/108877946_3276299089079711_2381884833602679562_o.jpg\" \/>\n\t<meta property=\"og:image:width\" content=\"1920\" \/>\n\t<meta property=\"og:image:height\" content=\"990\" \/>\n\t<meta property=\"og:image:type\" content=\"image\/jpeg\" \/>\n<meta name=\"twitter:card\" content=\"summary_large_image\" \/>\n<meta name=\"twitter:label1\" content=\"Szacowany czas czytania\" \/>\n\t<meta name=\"twitter:data1\" content=\"4 minuty\" \/>\n<script type=\"application\/ld+json\" class=\"yoast-schema-graph\">{\"@context\":\"https:\/\/schema.org\",\"@graph\":[{\"@type\":\"WebPage\",\"@id\":\"https:\/\/petrock.pl\/?page_id=628\",\"url\":\"https:\/\/petrock.pl\/?page_id=628\",\"name\":\"Koncerty - P\u0142ocka Scena Rockowa\",\"isPartOf\":{\"@id\":\"https:\/\/petrock.pl\/#website\"},\"datePublished\":\"2020-06-28T09:20:15+00:00\",\"dateModified\":\"2023-09-08T11:13:53+00:00\",\"breadcrumb\":{\"@id\":\"https:\/\/petrock.pl\/?page_id=628#breadcrumb\"},\"inLanguage\":\"pl-PL\",\"potentialAction\":[{\"@type\":\"ReadAction\",\"target\":[\"https:\/\/petrock.pl\/?page_id=628\"]}]},{\"@type\":\"BreadcrumbList\",\"@id\":\"https:\/\/petrock.pl\/?page_id=628#breadcrumb\",\"itemListElement\":[{\"@type\":\"ListItem\",\"position\":1,\"name\":\"Strona g\u0142\u00f3wna\",\"item\":\"https:\/\/petrock.pl\/\"},{\"@type\":\"ListItem\",\"position\":2,\"name\":\"Koncerty\"}]},{\"@type\":\"WebSite\",\"@id\":\"https:\/\/petrock.pl\/#website\",\"url\":\"https:\/\/petrock.pl\/\",\"name\":\"P\u0142ocka Scena Rockowa\",\"description\":\"Wywiady Biografie Koncerty Recenzje\",\"potentialAction\":[{\"@type\":\"SearchAction\",\"target\":{\"@type\":\"EntryPoint\",\"urlTemplate\":\"https:\/\/petrock.pl\/?s={search_term_string}\"},\"query-input\":\"required name=search_term_string\"}],\"inLanguage\":\"pl-PL\"}]}<\/script>\n<!-- \/ Yoast SEO plugin. -->","yoast_head_json":{"title":"Koncerty - P\u0142ocka Scena Rockowa","robots":{"index":"index","follow":"follow","max-snippet":"max-snippet:-1","max-image-preview":"max-image-preview:large","max-video-preview":"max-video-preview:-1"},"canonical":"https:\/\/petrock.pl\/?page_id=628","og_locale":"pl_PL","og_type":"article","og_title":"Koncerty - P\u0142ocka Scena Rockowa","og_description":"Nadchodz\u0105ce koncerty: Wyst\u0105pi\u0105: Leshy Data: 16.09.2023 Miejsce: Rock&#8217;69 Start: 20:00 Bilety: 30 PLN w przedsprzeda\u017cy\/40 PLN w dniu koncertu wi\u0119cej informacji: facebook Wyst\u0105pi\u0105: Wojtek Mozalewski [...]","og_url":"https:\/\/petrock.pl\/?page_id=628","og_site_name":"P\u0142ocka Scena Rockowa","article_modified_time":"2023-09-08T11:13:53+00:00","og_image":[{"width":1920,"height":990,"url":"http:\/\/petrock.pl\/wp-content\/uploads\/2020\/07\/108877946_3276299089079711_2381884833602679562_o.jpg","type":"image\/jpeg"}],"twitter_card":"summary_large_image","twitter_misc":{"Szacowany czas czytania":"4 minuty"},"schema":{"@context":"https:\/\/schema.org","@graph":[{"@type":"WebPage","@id":"https:\/\/petrock.pl\/?page_id=628","url":"https:\/\/petrock.pl\/?page_id=628","name":"Koncerty - P\u0142ocka Scena Rockowa","isPartOf":{"@id":"https:\/\/petrock.pl\/#website"},"datePublished":"2020-06-28T09:20:15+00:00","dateModified":"2023-09-08T11:13:53+00:00","breadcrumb":{"@id":"https:\/\/petrock.pl\/?page_id=628#breadcrumb"},"inLanguage":"pl-PL","potentialAction":[{"@type":"ReadAction","target":["https:\/\/petrock.pl\/?page_id=628"]}]},{"@type":"BreadcrumbList","@id":"https:\/\/petrock.pl\/?page_id=628#breadcrumb","itemListElement":[{"@type":"ListItem","position":1,"name":"Strona g\u0142\u00f3wna","item":"https:\/\/petrock.pl\/"},{"@type":"ListItem","position":2,"name":"Koncerty"}]},{"@type":"WebSite","@id":"https:\/\/petrock.pl\/#website","url":"https:\/\/petrock.pl\/","name":"P\u0142ocka Scena Rockowa","description":"Wywiady Biografie Koncerty Recenzje","potentialAction":[{"@type":"SearchAction","target":{"@type":"EntryPoint","urlTemplate":"https:\/\/petrock.pl\/?s={search_term_string}"},"query-input":"required name=search_term_string"}],"inLanguage":"pl-PL"}]}},"_links":{"self":[{"href":"http:\/\/petrock.pl\/index.php?rest_route=\/wp\/v2\/pages\/628"}],"collection":[{"href":"http:\/\/petrock.pl\/index.php?rest_route=\/wp\/v2\/pages"}],"about":[{"href":"http:\/\/petrock.pl\/index.php?rest_route=\/wp\/v2\/types\/page"}],"author":[{"embeddable":true,"href":"http:\/\/petrock.pl\/index.php?rest_route=\/wp\/v2\/users\/7"}],"replies":[{"embeddable":true,"href":"http:\/\/petrock.pl\/index.php?rest_route=%2Fwp%2Fv2%2Fcomments&post=628"}],"version-history":[{"count":110,"href":"http:\/\/petrock.pl\/index.php?rest_route=\/wp\/v2\/pages\/628\/revisions"}],"predecessor-version":[{"id":3863,"href":"http:\/\/petrock.pl\/index.php?rest_route=\/wp\/v2\/pages\/628\/revisions\/3863"}],"wp:featuredmedia":[{"embeddable":true,"href":"http:\/\/petrock.pl\/index.php?rest_route=\/wp\/v2\/media\/1154"}],"wp:attachment":[{"href":"http:\/\/petrock.pl\/index.php?rest_route=%2Fwp%2Fv2%2Fmedia&parent=628"}],"curies":[{"name":"wp","href":"https:\/\/api.w.org\/{rel}","templated":true}]}}